{"id":715,"date":"2025-04-17T12:47:50","date_gmt":"2025-04-17T15:47:50","guid":{"rendered":"https:\/\/israelitaedu.com.br\/guiaescolar\/?page_id=715"},"modified":"2025-12-22T08:43:44","modified_gmt":"2025-12-22T11:43:44","slug":"nivel-a","status":"publish","type":"page","link":"https:\/\/israelitaedu.com.br\/guiaescolar\/educacao-infantil\/lista-de-materiais\/nivel-a\/","title":{"rendered":"Materiais &#8211; N\u00edvel A"},"content":{"rendered":"\t\t<div data-elementor-type=\"wp-page\" data-elementor-id=\"715\" class=\"elementor elementor-715\" data-elementor-post-type=\"page\">\n\t\t\t\t<div class=\"elementor-element elementor-element-6efbe72e e-flex e-con-boxed e-con e-parent\" data-id=\"6efbe72e\" data-element_type=\"container\" data-e-type=\"container\">\n\t\t\t\t\t<div class=\"e-con-inner\">\n\t\t<div class=\"elementor-element elementor-element-3efa7287 e-con-full e-flex e-con e-child\" data-id=\"3efa7287\" data-element_type=\"container\" data-e-type=\"container\">\n\t\t\t\t<div class=\"elementor-element elementor-element-38347f45 elementor-widget elementor-widget-heading\" data-id=\"38347f45\" data-element_type=\"widget\" data-e-type=\"widget\" data-widget_type=\"heading.default\">\n\t\t\t\t<div class=\"elementor-widget-container\">\n\t\t\t\t\t<h2 class=\"elementor-heading-title elementor-size-default\">GUIA ESCOLAR<\/h2>\t\t\t\t<\/div>\n\t\t\t\t<\/div>\n\t\t\t\t<\/div>\n\t\t<div class=\"elementor-element elementor-element-2ee10fbf e-con-full e-flex e-con e-child\" data-id=\"2ee10fbf\" data-element_type=\"container\" data-e-type=\"container\">\n\t\t\t\t<div class=\"elementor-element elementor-element-8a9584 elementor-widget elementor-widget-heading\" data-id=\"8a9584\" data-element_type=\"widget\" data-e-type=\"widget\" data-widget_type=\"heading.default\">\n\t\t\t\t<div class=\"elementor-widget-container\">\n\t\t\t\t\t<h2 class=\"elementor-heading-title elementor-size-default\">Lista de Materiais<\/h2>\t\t\t\t<\/div>\n\t\t\t\t<\/div>\n\t\t\t\t<div class=\"elementor-element elementor-element-2a21a124 elementor-widget elementor-widget-heading\" data-id=\"2a21a124\" data-element_type=\"widget\" data-e-type=\"widget\" data-widget_type=\"heading.default\">\n\t\t\t\t<div class=\"elementor-widget-container\">\n\t\t\t\t\t<h2 class=\"elementor-heading-title elementor-size-default\">N\u00edvel A<\/h2>\t\t\t\t<\/div>\n\t\t\t\t<\/div>\n\t\t<div class=\"elementor-element elementor-element-2ca55131 e-con-full e-flex e-con e-child\" data-id=\"2ca55131\" data-element_type=\"container\" data-e-type=\"container\">\n\t\t\t\t<div class=\"elementor-element elementor-element-5f12e831 elementor-widget elementor-widget-text-editor\" data-id=\"5f12e831\" data-element_type=\"widget\" data-e-type=\"widget\" data-widget_type=\"text-editor.default\">\n\t\t\t\t<div class=\"elementor-widget-container\">\n\t\t\t\t\t\t\t\t\t<p>Os materiais escolares adotados para 2026 estar\u00e3o dispon\u00edveis para venda na loja Letral, localizada na escola.\u00a0<strong>Em raz\u00e3o de obras, a loja estar\u00e1 temporariamente localizada na Sala de M\u00fasica.\u00a0<\/strong> Informa\u00e7\u00f5es e or\u00e7amentos pelo WhatsApp 51 9819-9186. A loja tamb\u00e9m faz a entrega direta em sala de aula, do maternal 1 ao 5\u00ba ano.<\/p><p>Caso a fam\u00edlia prefira, poder\u00e1 adquirir o material em outro estabelecimento at\u00e9 o in\u00edcio do ano letivo.<\/p>\t\t\t\t\t\t\t\t<\/div>\n\t\t\t\t<\/div>\n\t\t\t\t<\/div>\n\t\t\t\t<\/div>\n\t\t<div class=\"elementor-element elementor-element-78834fc e-con-full forcar-cor-texto-preto e-flex e-con e-child\" data-id=\"78834fc\" data-element_type=\"container\" data-e-type=\"container\" data-settings=\"{&quot;background_background&quot;:&quot;classic&quot;}\">\n\t\t<div class=\"elementor-element elementor-element-4f87c3a4 e-con-full e-flex e-con e-child\" data-id=\"4f87c3a4\" data-element_type=\"container\" data-e-type=\"container\">\n\t\t\t\t<div class=\"elementor-element elementor-element-763f90e6 elementor-widget elementor-widget-heading\" data-id=\"763f90e6\" data-element_type=\"widget\" data-e-type=\"widget\" data-widget_type=\"heading.default\">\n\t\t\t\t<div class=\"elementor-widget-container\">\n\t\t\t\t\t<h2 class=\"elementor-heading-title elementor-size-default\">ITENS DIVERSOS<\/h2>\t\t\t\t<\/div>\n\t\t\t\t<\/div>\n\t\t\t\t<div class=\"elementor-element elementor-element-6911b27b elementor-widget elementor-widget-text-editor\" data-id=\"6911b27b\" data-element_type=\"widget\" data-e-type=\"widget\" data-widget_type=\"text-editor.default\">\n\t\t\t\t<div class=\"elementor-widget-container\">\n\t\t\t\t\t\t\t\t\t<p>Devem ser entregues ao longo da primeira semana de aula, para a professora tutora.<\/p><p>&#8211; 1 pasta maleta A3;<\/p><p>&#8211; 1 pasta transparente A4 com el\u00e1stico;<\/p><p>&#8211; 1 Pasta cat\u00e1logo A4 com 40 sacos pl\u00e1sticos (para avalia\u00e7\u00e3o escolar);<\/p><p>&#8211; 1 pasta espiral A4 com 50 sacos pl\u00e1sticos;\u00a0<\/p><p>&#8211; 200 folhas de desenho A4 gramatura 180g;<\/p><p>&#8211; 20 folhas kraft tamanho A3 gramatura 180g;<\/p><p>&#8211; 20 folhas de papel kraft tamanho A4 \u2013 gramatura 180g;<\/p><p>&#8211; 1 folha papel cartaz (cor variada);\u00a0<\/p><p>&#8211; 4 folhas de retroprojetor;<\/p><p>&#8211; 1 pacote color set A4 gramatura 120g;\u00a0<\/p><p>&#8211; 1 pacote de papel Color Set neon tamanho A4 \u2013 gramatura 120g;<\/p><p>&#8211; 1 pote de 500g de massa de modelar;<\/p><p>&#8211; 1 pote de areia m\u00e1gica 550g;<\/p><p>&#8211; 2 caixas de l\u00e1pis de cor jumbo \u2013 12 cores;\u00a0<\/p><p>&#8211; 1 conjunto canetas hidrogr\u00e1ficas grossas 12 cores;<\/p><p>&#8211; 1 l\u00e1pis grafite triangular tamanho jumbo N\u00ba 2;<\/p><p>&#8211; 1 estojo aquarela em pastilha 12 cores;<\/p><p>&#8211; 3 tubos de cola l\u00edquida 100g;<\/p><p>&#8211; 4 canetas permanentes pretas 2.0mm;<\/p><p>&#8211; 1 tesoura ponta redonda pequena;<\/p><p>&#8211; 1 avental de pintura manga longa;<\/p><p>&#8211; 1 Kip\u00e1 (para os meninos).<\/p><p>&#8211;\u00a0 <span style=\"font-weight: 400;\">Cada fam\u00edlia dever\u00e1 adquirir 1 livro para a Biblioteca Circulante. Os t\u00edtulos sugeridos ser\u00e3o informados na primeira reuni\u00e3o do ano.<\/span><\/p><div>\u00a0<\/div>\t\t\t\t\t\t\t\t<\/div>\n\t\t\t\t<\/div>\n\t\t\t\t<\/div>\n\t\t<div class=\"elementor-element elementor-element-77e2a0e e-con-full e-flex e-con e-child\" data-id=\"77e2a0e\" data-element_type=\"container\" data-e-type=\"container\">\n\t\t\t\t<div class=\"elementor-element elementor-element-17b0abf elementor-widget elementor-widget-heading\" data-id=\"17b0abf\" data-element_type=\"widget\" data-e-type=\"widget\" data-widget_type=\"heading.default\">\n\t\t\t\t<div class=\"elementor-widget-container\">\n\t\t\t\t\t<h2 class=\"elementor-heading-title elementor-size-default\">ITENS DA MOCHILA<\/h2>\t\t\t\t<\/div>\n\t\t\t\t<\/div>\n\t\t\t\t<div class=\"elementor-element elementor-element-604b7ee6 elementor-widget elementor-widget-text-editor\" data-id=\"604b7ee6\" data-element_type=\"widget\" data-e-type=\"widget\" data-widget_type=\"text-editor.default\">\n\t\t\t\t<div class=\"elementor-widget-container\">\n\t\t\t\t\t\t\t\t\t<p>\u00c9 de responsabilidade da fam\u00edlia manter a mochila diariamente organizada com:<\/p><p>\u2013 1 garrafa para \u00e1gua (identificada com nome);<\/p><p>\u2013 1 caixa de len\u00e7o umedecido;<\/p><p>\u2013 Mudas de roupas da esta\u00e7\u00e3o (sugerimos o envio de um par de cal\u00e7ados extra na mochila);<\/p><p>\u2013 1 saquinho imperme\u00e1vel para roupa suja.<\/p>\t\t\t\t\t\t\t\t<\/div>\n\t\t\t\t<\/div>\n\t\t\t\t<\/div>\n\t\t<div class=\"elementor-element elementor-element-3bbd8563 e-con-full e-flex e-con e-child\" data-id=\"3bbd8563\" data-element_type=\"container\" data-e-type=\"container\">\n\t\t\t\t<div class=\"elementor-element elementor-element-6fe47732 elementor-widget elementor-widget-heading\" data-id=\"6fe47732\" data-element_type=\"widget\" data-e-type=\"widget\" data-widget_type=\"heading.default\">\n\t\t\t\t<div class=\"elementor-widget-container\">\n\t\t\t\t\t<h2 class=\"elementor-heading-title elementor-size-default\">CONJUNTO PEDAG\u00d3GICO<\/h2>\t\t\t\t<\/div>\n\t\t\t\t<\/div>\n\t\t\t\t<div class=\"elementor-element elementor-element-48dc046a elementor-widget elementor-widget-text-editor\" data-id=\"48dc046a\" data-element_type=\"widget\" data-e-type=\"widget\" data-widget_type=\"text-editor.default\">\n\t\t\t\t<div class=\"elementor-widget-container\">\n\t\t\t\t\t\t\t\t\t<p>A composi\u00e7\u00e3o dos espa\u00e7os na Educa\u00e7\u00e3o Infantil oportuniza o desenvolvimento integral da crian\u00e7a, auxiliando em suas potencialidades e oportunizando aquisi\u00e7\u00e3o de novas habilidades motoras, cognitivas e afetivas. Anualmente, escolhemos novos elementos para compor contextos de aprendizagem, de forma personalizada para a turma.\u00a0<\/p><p>Visando facilitar a log\u00edstica das fam\u00edlias, o valor referente a este conjunto pedag\u00f3gico (R$100,00) ser\u00e1 inclu\u00eddo no boleto de cobran\u00e7a da mensalidade com vencimento no m\u00eas de mar\u00e7o.<\/p>\t\t\t\t\t\t\t\t<\/div>\n\t\t\t\t<\/div>\n\t\t\t\t<\/div>\n\t\t<div class=\"elementor-element elementor-element-f9443b8 e-con-full e-flex e-con e-child\" data-id=\"f9443b8\" data-element_type=\"container\" data-e-type=\"container\">\n\t\t\t\t<div class=\"elementor-element elementor-element-be57f42 elementor-widget elementor-widget-heading\" data-id=\"be57f42\" data-element_type=\"widget\" data-e-type=\"widget\" data-widget_type=\"heading.default\">\n\t\t\t\t<div class=\"elementor-widget-container\">\n\t\t\t\t\t<h2 class=\"elementor-heading-title elementor-size-default\">UNIFORME<\/h2>\t\t\t\t<\/div>\n\t\t\t\t<\/div>\n\t\t\t\t<div class=\"elementor-element elementor-element-c9da871 elementor-widget elementor-widget-text-editor\" data-id=\"c9da871\" data-element_type=\"widget\" data-e-type=\"widget\" data-widget_type=\"text-editor.default\">\n\t\t\t\t<div class=\"elementor-widget-container\">\n\t\t\t\t\t\t\t\t\t<p>Uso di\u00e1rio&nbsp;<\/p>\n<p>&#8211; O uso do uniforme escolar padronizado \u00e9 obrigat\u00f3rio;&nbsp;<\/p>\n<p>&#8211; O uniforme do Israelita apresenta uma variedade em pe\u00e7as e materiais para proporcionar conforto e prote\u00e7\u00e3o para as diferentes faixas et\u00e1rias;&nbsp;<\/p>\n<p>&#8211; Comp\u00f5em tamb\u00e9m o vestu\u00e1rio permitido para uso escolar cal\u00e7a e\/ou bermudas na cor preto, sem estampas e cal\u00e7a jeans em dias que n\u00e3o h\u00e1 pr\u00e1tica de esportes;&nbsp;<\/p>\n<p>&#8211; Nos dias de baixas temperaturas \u00e9 permitido o uso de qualquer casaco por cima do moletom e\/ou blus\u00e3o do uniforme (independente de pertencer ou n\u00e3o a cole\u00e7\u00e3o oficial de uniforme da institui\u00e7\u00e3o.<\/p>\t\t\t\t\t\t\t\t<\/div>\n\t\t\t\t<\/div>\n\t\t\t\t<\/div>\n\t\t\t\t<\/div>\n\t\t<div class=\"elementor-element elementor-element-59a5df95 e-con-full e-flex e-con e-child\" data-id=\"59a5df95\" data-element_type=\"container\" data-e-type=\"container\">\n\t\t\t\t<div class=\"elementor-element elementor-element-599fdae0 elementor-widget elementor-widget-text-editor\" data-id=\"599fdae0\" data-element_type=\"widget\" data-e-type=\"widget\" data-widget_type=\"text-editor.default\">\n\t\t\t\t<div class=\"elementor-widget-container\">\n\t\t\t\t\t\t\t\t\t<p>Em caso de d\u00favidas, entre em contato pelo aplicativo, no canal Central de Relacionamento.<\/p>\t\t\t\t\t\t\t\t<\/div>\n\t\t\t\t<\/div>\n\t\t<div class=\"elementor-element elementor-element-2d31023 e-con-full e-flex e-con e-child\" data-id=\"2d31023\" data-element_type=\"container\" data-e-type=\"container\">\n\t\t\t\t<div class=\"elementor-element elementor-element-6c5ca53a elementor-widget elementor-widget-heading\" data-id=\"6c5ca53a\" data-element_type=\"widget\" data-e-type=\"widget\" data-widget_type=\"heading.default\">\n\t\t\t\t<div class=\"elementor-widget-container\">\n\t\t\t\t\t<h2 class=\"elementor-heading-title elementor-size-default\"><span style=\"font-size: 33px;font-weight: 400;text-align: center\">Navega\u00e7\u00e3o&nbsp;<\/span><span style=\"font-size: 33px;font-weight: 400;text-align: center\">EI<\/span><\/h2>\t\t\t\t<\/div>\n\t\t\t\t<\/div>\n\t\t<div class=\"elementor-element elementor-element-5123b7d7 e-grid e-con-full e-con e-child\" data-id=\"5123b7d7\" data-element_type=\"container\" data-e-type=\"container\">\n\t\t\t\t<div class=\"elementor-element elementor-element-6a0fde86 elementor-widget elementor-widget-html\" data-id=\"6a0fde86\" data-element_type=\"widget\" data-e-type=\"widget\" data-widget_type=\"html.default\">\n\t\t\t\t<div class=\"elementor-widget-container\">\n\t\t\t\t\t<a href=\"\/guiaescolar\/educacao-infantil\/horarios\" style=\"text-decoration: none;\">\r\n  <button class=\"comic-button\">Hor\u00e1rios<\/button>\r\n<\/a>\t\t\t\t<\/div>\n\t\t\t\t<\/div>\n\t\t\t\t<div class=\"elementor-element elementor-element-31ea33e elementor-widget elementor-widget-html\" data-id=\"31ea33e\" data-element_type=\"widget\" data-e-type=\"widget\" data-widget_type=\"html.default\">\n\t\t\t\t<div class=\"elementor-widget-container\">\n\t\t\t\t\t<a href=\"\/guiaescolar\/educacao-infantil\/salas-de-aula-educacao-infantil\/\" style=\"text-decoration: none;\">\r\n  <button class=\"comic-button\">Salas<br>de Aula<\/button>\r\n<\/a>\t\t\t\t<\/div>\n\t\t\t\t<\/div>\n\t\t\t\t<div class=\"elementor-element elementor-element-661eec3 elementor-widget elementor-widget-html\" data-id=\"661eec3\" data-element_type=\"widget\" data-e-type=\"widget\" data-widget_type=\"html.default\">\n\t\t\t\t<div class=\"elementor-widget-container\">\n\t\t\t\t\t<a href=\"\/guiaescolar\/educacao-infantil\/entrada-e-saida\" style=\"text-decoration: none;\">\r\n  <button class=\"comic-button\">Entrada<br>e Sa\u00edda<\/button>\r\n<\/a>\t\t\t\t<\/div>\n\t\t\t\t<\/div>\n\t\t\t\t<\/div>\n\t\t<div class=\"elementor-element elementor-element-5545d963 e-grid e-con-full e-con e-child\" data-id=\"5545d963\" data-element_type=\"container\" data-e-type=\"container\">\n\t\t\t\t<div class=\"elementor-element elementor-element-2f5d15a9 elementor-widget elementor-widget-html\" data-id=\"2f5d15a9\" data-element_type=\"widget\" data-e-type=\"widget\" data-widget_type=\"html.default\">\n\t\t\t\t<div class=\"elementor-widget-container\">\n\t\t\t\t\t<a href=\"\/guiaescolar\/educacao-infantil\/processo-de-adaptacao\" style=\"text-decoration: none;\">\r\n  <button class=\"comic-button\">Processo<br>de Adapta\u00e7\u00e3o<\/button>\r\n<\/a>\t\t\t\t<\/div>\n\t\t\t\t<\/div>\n\t\t\t\t<div class=\"elementor-element elementor-element-5a826f2b elementor-widget elementor-widget-html\" data-id=\"5a826f2b\" data-element_type=\"widget\" data-e-type=\"widget\" data-widget_type=\"html.default\">\n\t\t\t\t<div class=\"elementor-widget-container\">\n\t\t\t\t\t<a href=\"\/guiaescolar\/educacao-infantil\/turno-complementar\" style=\"text-decoration: none;\">\r\n  <button class=\"comic-button\">Turno<br>Complementar<\/button>\r\n<\/a>\t\t\t\t<\/div>\n\t\t\t\t<\/div>\n\t\t\t\t<div class=\"elementor-element elementor-element-44a232f9 elementor-widget elementor-widget-html\" data-id=\"44a232f9\" data-element_type=\"widget\" data-e-type=\"widget\" data-widget_type=\"html.default\">\n\t\t\t\t<div class=\"elementor-widget-container\">\n\t\t\t\t\t<a href=\"\/guiaescolar\/educacao-infantil\/lista-de-materiais\" style=\"text-decoration: none;\">\r\n  <button class=\"comic-button\">Lista<br>de Materiais<\/button>\r\n<\/a>\t\t\t\t<\/div>\n\t\t\t\t<\/div>\n\t\t\t\t<\/div>\n\t\t<div class=\"elementor-element elementor-element-4c2cd16e e-grid e-con-full e-con e-child\" data-id=\"4c2cd16e\" data-element_type=\"container\" data-e-type=\"container\">\n\t\t\t\t<div class=\"elementor-element elementor-element-2640b936 elementor-widget elementor-widget-html\" data-id=\"2640b936\" data-element_type=\"widget\" data-e-type=\"widget\" data-widget_type=\"html.default\">\n\t\t\t\t<div class=\"elementor-widget-container\">\n\t\t\t\t\t<a href=\"\/guiaescolar\/educacao-infantil\/extra-curriculares\" style=\"text-decoration: none;\">\r\n  <button class=\"comic-button\">Extra-<br>curriculares<\/button>\r\n<\/a>\t\t\t\t<\/div>\n\t\t\t\t<\/div>\n\t\t\t\t<div class=\"elementor-element elementor-element-4497da43 elementor-widget elementor-widget-html\" data-id=\"4497da43\" data-element_type=\"widget\" data-e-type=\"widget\" data-widget_type=\"html.default\">\n\t\t\t\t<div class=\"elementor-widget-container\">\n\t\t\t\t\t<a href=\"\/guiaescolar\/educacao-infantil\/saida-de-estudos\" style=\"text-decoration: none;\">\r\n  <button class=\"comic-button\">Sa\u00eddas<br>de Estudos<\/button>\r\n<\/a>\t\t\t\t<\/div>\n\t\t\t\t<\/div>\n\t\t\t\t<div class=\"elementor-element elementor-element-35de0cce elementor-widget elementor-widget-html\" data-id=\"35de0cce\" data-element_type=\"widget\" data-e-type=\"widget\" data-widget_type=\"html.default\">\n\t\t\t\t<div class=\"elementor-widget-container\">\n\t\t\t\t\t<a href=\"\/guiaescolar\/educacao-infantil\/aniversario\" style=\"text-decoration: none;\">\r\n  <button class=\"comic-button\">Anivers\u00e1rio<\/button>\r\n<\/a>\t\t\t\t<\/div>\n\t\t\t\t<\/div>\n\t\t\t\t<\/div>\n\t\t<div class=\"elementor-element elementor-element-449fd14e e-grid e-con-full e-con e-child\" data-id=\"449fd14e\" data-element_type=\"container\" data-e-type=\"container\">\n\t\t\t\t<div class=\"elementor-element elementor-element-2a71b874 elementor-widget elementor-widget-html\" data-id=\"2a71b874\" data-element_type=\"widget\" data-e-type=\"widget\" data-widget_type=\"html.default\">\n\t\t\t\t<div class=\"elementor-widget-container\">\n\t\t\t\t\t<a href=\"\/guiaescolar\/educacao-infantil\/reunioes-de-turmas\" style=\"text-decoration: none;\">\r\n  <button class=\"comic-button\">Reuni\u00f5es<br> de Turmas<\/button>\r\n<\/a>\t\t\t\t<\/div>\n\t\t\t\t<\/div>\n\t\t\t\t<div class=\"elementor-element elementor-element-73f795aa elementor-widget elementor-widget-html\" data-id=\"73f795aa\" data-element_type=\"widget\" data-e-type=\"widget\" data-widget_type=\"html.default\">\n\t\t\t\t<div class=\"elementor-widget-container\">\n\t\t\t\t\t<a href=\"\/guiaescolar\/educacao-infantil\/shabat-com-familias\" style=\"text-decoration: none;\">\r\n  <button class=\"comic-button\">Shabat<br>com Fam\u00edlias<\/button>\r\n<\/a>\t\t\t\t<\/div>\n\t\t\t\t<\/div>\n\t\t\t\t<\/div>\n\t\t\t\t<\/div>\n\t\t\t\t<\/div>\n\t\t\t\t\t<\/div>\n\t\t\t\t<\/div>\n\t\t\t\t<\/div>\n\t\t","protected":false},"excerpt":{"rendered":"<p>GUIA ESCOLAR Lista de Materiais N\u00edvel A Os materiais escolares adotados para 2026 estar\u00e3o dispon\u00edveis para venda na loja Letral, localizada na escola.\u00a0Em raz\u00e3o de obras, a loja estar\u00e1 temporariamente localizada na Sala de M\u00fasica.\u00a0 Informa\u00e7\u00f5es e or\u00e7amentos pelo WhatsApp 51 9819-9186. A loja tamb\u00e9m faz a entrega direta em sala de aula, do maternal [&hellip;]<\/p>\n","protected":false},"author":6,"featured_media":0,"parent":663,"menu_order":0,"comment_status":"closed","ping_status":"closed","template":"","meta":{"footnotes":""},"class_list":["post-715","page","type-page","status-publish","hentry"],"_links":{"self":[{"href":"https:\/\/israelitaedu.com.br\/guiaescolar\/wp-json\/wp\/v2\/pages\/715","targetHints":{"allow":["GET"]}}],"collection":[{"href":"https:\/\/israelitaedu.com.br\/guiaescolar\/wp-json\/wp\/v2\/pages"}],"about":[{"href":"https:\/\/israelitaedu.com.br\/guiaescolar\/wp-json\/wp\/v2\/types\/page"}],"author":[{"embeddable":true,"href":"https:\/\/israelitaedu.com.br\/guiaescolar\/wp-json\/wp\/v2\/users\/6"}],"replies":[{"embeddable":true,"href":"https:\/\/israelitaedu.com.br\/guiaescolar\/wp-json\/wp\/v2\/comments?post=715"}],"version-history":[{"count":21,"href":"https:\/\/israelitaedu.com.br\/guiaescolar\/wp-json\/wp\/v2\/pages\/715\/revisions"}],"predecessor-version":[{"id":6739,"href":"https:\/\/israelitaedu.com.br\/guiaescolar\/wp-json\/wp\/v2\/pages\/715\/revisions\/6739"}],"up":[{"embeddable":true,"href":"https:\/\/israelitaedu.com.br\/guiaescolar\/wp-json\/wp\/v2\/pages\/663"}],"wp:attachment":[{"href":"https:\/\/israelitaedu.com.br\/guiaescolar\/wp-json\/wp\/v2\/media?parent=715"}],"curies":[{"name":"wp","href":"https:\/\/api.w.org\/{rel}","templated":true}]}}