{"id":6157,"date":"2025-12-08T10:52:33","date_gmt":"2025-12-08T13:52:33","guid":{"rendered":"https:\/\/israelitaedu.com.br\/guiaescolar\/?page_id=6157"},"modified":"2025-12-08T10:53:19","modified_gmt":"2025-12-08T13:53:19","slug":"estacionamentoef1","status":"publish","type":"page","link":"https:\/\/israelitaedu.com.br\/guiaescolar\/estacionamentoef1\/","title":{"rendered":"EstacionamentoEF1"},"content":{"rendered":"\t\t<div data-elementor-type=\"wp-page\" data-elementor-id=\"6157\" class=\"elementor elementor-6157\" data-elementor-post-type=\"page\">\n\t\t\t\t<div class=\"elementor-element elementor-element-d859d54 e-flex e-con-boxed e-con e-parent\" data-id=\"d859d54\" data-element_type=\"container\" data-e-type=\"container\">\n\t\t\t\t\t<div class=\"e-con-inner\">\n\t\t<div class=\"elementor-element elementor-element-b668205 e-con-full e-flex e-con e-child\" data-id=\"b668205\" data-element_type=\"container\" data-e-type=\"container\">\n\t\t\t\t<div class=\"elementor-element elementor-element-5d833e6 elementor-widget elementor-widget-heading\" data-id=\"5d833e6\" data-element_type=\"widget\" data-e-type=\"widget\" data-widget_type=\"heading.default\">\n\t\t\t\t<div class=\"elementor-widget-container\">\n\t\t\t\t\t<h2 class=\"elementor-heading-title elementor-size-default\">Estacionamento<\/h2>\t\t\t\t<\/div>\n\t\t\t\t<\/div>\n\t\t\t\t<div class=\"elementor-element elementor-element-d816a06 elementor-widget__width-initial elementor-widget-tablet__width-initial elementor-widget-mobile__width-initial elementor-widget elementor-widget-text-editor\" data-id=\"d816a06\" data-element_type=\"widget\" data-e-type=\"widget\" data-widget_type=\"text-editor.default\">\n\t\t\t\t<div class=\"elementor-widget-container\">\n\t\t\t\t\t\t\t\t\t<p dir=\"ltr\">No hor\u00e1rio das 12h \u00e0s 13h30min e das 17h30min \u00e0s 19h30min, o estacionamento \u00e9 de uso EXCLUSIVO das fam\u00edlias da Educa\u00e7\u00e3o Infantil, as quais, devido \u00e0 faixa et\u00e1ria de seus filhos, demandam especificidades para o embarque e desembarque desses estudantes. Os demais p\u00fablicos (EF1, EF2 e EM) permanecer\u00e3o utilizando o drive nos hor\u00e1rios de entrada e sa\u00edda.<\/p><p dir=\"ltr\">Fora dos hor\u00e1rios de entrada e sa\u00edda da Educa\u00e7\u00e3o Infantil \u00e9 permitido o uso eventual para demais fam\u00edlias que precisarem vir \u00e0 Escola, e, nesse sentido, ser\u00e1 cobrada uma taxa de servi\u00e7o de R$10,00 (dez reais) a hora, para cobertura dos custos de opera\u00e7\u00e3o.<\/p>\t\t\t\t\t\t\t\t<\/div>\n\t\t\t\t<\/div>\n\t\t\t\t<\/div>\n\t\t<div class=\"elementor-element elementor-element-8879801 e-con-full e-flex e-con e-child\" data-id=\"8879801\" data-element_type=\"container\" data-e-type=\"container\">\n\t\t<div class=\"elementor-element elementor-element-fe30755 e-con-full e-flex e-con e-child\" data-id=\"fe30755\" data-element_type=\"container\" data-e-type=\"container\" data-settings=\"{&quot;background_background&quot;:&quot;classic&quot;}\">\n\t\t\t\t<div class=\"elementor-element elementor-element-657ff62 elementor-widget__width-initial elementor-widget-tablet__width-initial elementor-widget-mobile__width-initial elementor-widget elementor-widget-text-editor\" data-id=\"657ff62\" data-element_type=\"widget\" data-e-type=\"widget\" data-widget_type=\"text-editor.default\">\n\t\t\t\t<div class=\"elementor-widget-container\">\n\t\t\t\t\t\t\t\t\t<p dir=\"ltr\">Para usufruir do estacionamento, \u00e9 necess\u00e1rio que as fam\u00edlias da Educa\u00e7\u00e3o Infantil preencham o formul\u00e1rio de inscri\u00e7\u00e3o <a href=\"https:\/\/docs.google.com\/forms\/d\/e\/1FAIpQLSdpiKuOvPzHK3R_bNU09OjNEFzwY5swtFcp1WX1nscihcCXHA\/viewform\" target=\"_blank\" rel=\"noopener\" data-saferedirecturl=\"https:\/\/www.google.com\/url?q=https:\/\/docs.google.com\/forms\/d\/e\/1FAIpQLSdpiKuOvPzHK3R_bNU09OjNEFzwY5swtFcp1WX1nscihcCXHA\/viewform&amp;source=gmail&amp;ust=1765283893143000&amp;usg=AOvVaw2DKwvUlYw218hb0er9cAGJ\">clique aqui para acessar,<\/a> concordando com as condi\u00e7\u00f5es de uso.\u00a0<\/p><p dir=\"ltr\">A seguir destacamos as principais informa\u00e7\u00f5es sobre o funcionamento<\/p><p dir=\"ltr\">do espa\u00e7o:<\/p><ul><li dir=\"ltr\"><p dir=\"ltr\" role=\"presentation\">O estacionamento funciona em regime rotativo, sem vagas fixas;<\/p><\/li><li dir=\"ltr\"><p dir=\"ltr\" role=\"presentation\">S\u00e3o 58 vagas, sendo 48 cobertas e 10 descobertas;<\/p><\/li><li dir=\"ltr\"><p dir=\"ltr\" role=\"presentation\">As vagas s\u00e3o de dois tipos:<\/p><\/li><\/ul><ul><li dir=\"ltr\"><p dir=\"ltr\" role=\"presentation\">Simples: o motorista estaciona e leva a chave do ve\u00edculo;<\/p><\/li><li dir=\"ltr\"><p dir=\"ltr\" role=\"presentation\">Duplas: o ve\u00edculo \u00e9 estacionado por manobristas da escola, com a\u00a0<span style=\"font-size: 1rem;\">chave\u00a0 \u00a0 \u00a0 \u00a0 \u00a0 <\/span><span style=\"background-color: transparent; font-size: 1rem;\">ficando no carro;<\/span><\/p><\/li><\/ul>\t\t\t\t\t\t\t\t<\/div>\n\t\t\t\t<\/div>\n\t\t\t\t<\/div>\n\t\t\t\t<\/div>\n\t\t<div class=\"elementor-element elementor-element-b1edc45 e-con-full e-flex e-con e-child\" data-id=\"b1edc45\" data-element_type=\"container\" data-e-type=\"container\">\n\t\t<div class=\"elementor-element elementor-element-20bdd7e e-con-full e-flex e-con e-child\" data-id=\"20bdd7e\" data-element_type=\"container\" data-e-type=\"container\">\n\t\t\t\t<div class=\"elementor-element elementor-element-75e063c elementor-widget elementor-widget-text-editor\" data-id=\"75e063c\" data-element_type=\"widget\" data-e-type=\"widget\" data-widget_type=\"text-editor.default\">\n\t\t\t\t<div class=\"elementor-widget-container\">\n\t\t\t\t\t\t\t\t\t<p dir=\"ltr\">O acesso \u00e9 realizado por dois port\u00f5es, sendo:<\/p><p dir=\"ltr\"><strong>Port\u00e3o 1: entrada de ve\u00edculos;<\/strong><\/p><p dir=\"ltr\"><strong>Port\u00e3o 2: sa\u00edda de ve\u00edculos;<\/strong><\/p>\t\t\t\t\t\t\t\t<\/div>\n\t\t\t\t<\/div>\n\t\t\t\t<\/div>\n\t\t<div class=\"elementor-element elementor-element-e4a4816 e-con-full e-flex e-con e-child\" data-id=\"e4a4816\" data-element_type=\"container\" data-e-type=\"container\" data-settings=\"{&quot;background_background&quot;:&quot;classic&quot;}\">\n\t\t\t\t<div class=\"elementor-element elementor-element-30c3914 elementor-widget elementor-widget-text-editor\" data-id=\"30c3914\" data-element_type=\"widget\" data-e-type=\"widget\" data-widget_type=\"text-editor.default\">\n\t\t\t\t<div class=\"elementor-widget-container\">\n\t\t\t\t\t\t\t\t\t<ul><li dir=\"ltr\" role=\"presentation\">O acesso \u00e9 permitido somente a ve\u00edculos cadastrados, devidamente identificados com a credencial fornecida pela Escola afixada no retrovisor dianteiro;<\/li><li dir=\"ltr\"><p dir=\"ltr\" role=\"presentation\">As credenciais, emitidas mediante o preenchimento do formul\u00e1rio anexo, s\u00e3o enviadas por meio das mochilas de seus filhos;<\/p><\/li><li dir=\"ltr\"><p dir=\"ltr\" role=\"presentation\">A equipe de seguran\u00e7a da Escola \u00e9 respons\u00e1vel pela identifica\u00e7\u00e3o de ve\u00edculos e condutores;<\/p><\/li><li dir=\"ltr\" role=\"presentation\">Pessoas usu\u00e1rias do estacionamento devem acessar o pr\u00e9dio da Educa\u00e7\u00e3o Infantil pelas roletas com identifica\u00e7\u00e3o facial, localizadas no subsolo, devendo passar por este ponto para acessar as escadas que levam ao t\u00e9rreo.<\/li><\/ul>\t\t\t\t\t\t\t\t<\/div>\n\t\t\t\t<\/div>\n\t\t\t\t<\/div>\n\t\t\t\t<\/div>\n\t\t<div class=\"elementor-element elementor-element-60162b6 e-con-full e-flex e-con e-child\" data-id=\"60162b6\" data-element_type=\"container\" data-e-type=\"container\">\n\t\t\t\t<div class=\"elementor-element elementor-element-ec7c6b7 elementor-widget__width-initial elementor-widget-tablet__width-initial elementor-widget-mobile__width-initial elementor-widget elementor-widget-text-editor\" data-id=\"ec7c6b7\" data-element_type=\"widget\" data-e-type=\"widget\" data-widget_type=\"text-editor.default\">\n\t\t\t\t<div class=\"elementor-widget-container\">\n\t\t\t\t\t\t\t\t\t<p dir=\"ltr\">Refor\u00e7amos que o n\u00famero de vagas dispon\u00edveis \u00e9 inferior ao n\u00famero total de\u00a0 fam\u00edlias da Educa\u00e7\u00e3o Infantil. Por isso, para garantir que todas possam utilizar o estacionamento com seguran\u00e7a e agilidade, o tempo m\u00e1ximo de perman\u00eancia \u00e9 de 20 minutos.\u00a0<\/p><p dir=\"ltr\">O estacionamento encerra suas opera\u00e7\u00f5es di\u00e1rias \u00e0s 20h (30 minutos depois do t\u00e9rmino das atividades extracurriculares da Educa\u00e7\u00e3o Infantil);\u00a0<\/p><p dir=\"ltr\">Visando a cobertura dos custos de opera\u00e7\u00e3o, \u00e9 cobrada, via boleto, taxa de servi\u00e7os no valor de R$ 180,00 (cento e oitenta reais) por m\u00eas.<\/p>\t\t\t\t\t\t\t\t<\/div>\n\t\t\t\t<\/div>\n\t\t\t\t<\/div>\n\t\t\t\t\t<\/div>\n\t\t\t\t<\/div>\n\t\t\t\t<\/div>\n\t\t","protected":false},"excerpt":{"rendered":"<p>Estacionamento No hor\u00e1rio das 12h \u00e0s 13h30min e das 17h30min \u00e0s 19h30min, o estacionamento \u00e9 de uso EXCLUSIVO das fam\u00edlias da Educa\u00e7\u00e3o Infantil, as quais, devido \u00e0 faixa et\u00e1ria de seus filhos, demandam especificidades para o embarque e desembarque desses estudantes. Os demais p\u00fablicos (EF1, EF2 e EM) permanecer\u00e3o utilizando o drive nos hor\u00e1rios de [&hellip;]<\/p>\n","protected":false},"author":15,"featured_media":0,"parent":0,"menu_order":0,"comment_status":"closed","ping_status":"closed","template":"","meta":{"footnotes":""},"class_list":["post-6157","page","type-page","status-publish","hentry"],"_links":{"self":[{"href":"https:\/\/israelitaedu.com.br\/guiaescolar\/wp-json\/wp\/v2\/pages\/6157","targetHints":{"allow":["GET"]}}],"collection":[{"href":"https:\/\/israelitaedu.com.br\/guiaescolar\/wp-json\/wp\/v2\/pages"}],"about":[{"href":"https:\/\/israelitaedu.com.br\/guiaescolar\/wp-json\/wp\/v2\/types\/page"}],"author":[{"embeddable":true,"href":"https:\/\/israelitaedu.com.br\/guiaescolar\/wp-json\/wp\/v2\/users\/15"}],"replies":[{"embeddable":true,"href":"https:\/\/israelitaedu.com.br\/guiaescolar\/wp-json\/wp\/v2\/comments?post=6157"}],"version-history":[{"count":4,"href":"https:\/\/israelitaedu.com.br\/guiaescolar\/wp-json\/wp\/v2\/pages\/6157\/revisions"}],"predecessor-version":[{"id":6161,"href":"https:\/\/israelitaedu.com.br\/guiaescolar\/wp-json\/wp\/v2\/pages\/6157\/revisions\/6161"}],"wp:attachment":[{"href":"https:\/\/israelitaedu.com.br\/guiaescolar\/wp-json\/wp\/v2\/media?parent=6157"}],"curies":[{"name":"wp","href":"https:\/\/api.w.org\/{rel}","templated":true}]}}