{"id":60,"date":"2025-04-16T13:39:03","date_gmt":"2025-04-16T16:39:03","guid":{"rendered":"https:\/\/israelitaedu.com.br\/guiaescolar\/?page_id=60"},"modified":"2025-11-05T16:55:40","modified_gmt":"2025-11-05T19:55:40","slug":"faq","status":"publish","type":"page","link":"https:\/\/israelitaedu.com.br\/guiaescolar\/faq\/","title":{"rendered":"FAQ"},"content":{"rendered":"\t\t<div data-elementor-type=\"wp-page\" data-elementor-id=\"60\" class=\"elementor elementor-60\" data-elementor-post-type=\"page\">\n\t\t\t\t<div class=\"elementor-element elementor-element-5407d8ef e-flex e-con-boxed e-con e-parent\" data-id=\"5407d8ef\" data-element_type=\"container\" data-e-type=\"container\">\n\t\t\t\t\t<div class=\"e-con-inner\">\n\t\t\t\t<div class=\"elementor-element elementor-element-20b4c8f elementor-widget elementor-widget-text-editor\" data-id=\"20b4c8f\" data-element_type=\"widget\" data-e-type=\"widget\" data-widget_type=\"text-editor.default\">\n\t\t\t\t<div class=\"elementor-widget-container\">\n\t\t\t\t\t\t\t\t\t<p>FAQ<br \/><br \/><\/p>\t\t\t\t\t\t\t\t<\/div>\n\t\t\t\t<\/div>\n\t\t<div class=\"elementor-element elementor-element-3c2c1ed6 e-con-full e-flex e-con e-child\" data-id=\"3c2c1ed6\" data-element_type=\"container\" data-e-type=\"container\">\n\t\t\t\t<div class=\"elementor-element elementor-element-b4ccb16 elementor-widget elementor-widget-n-accordion\" data-id=\"b4ccb16\" data-element_type=\"widget\" data-e-type=\"widget\" data-settings=\"{&quot;default_state&quot;:&quot;expanded&quot;,&quot;max_items_expended&quot;:&quot;one&quot;,&quot;n_accordion_animation_duration&quot;:{&quot;unit&quot;:&quot;ms&quot;,&quot;size&quot;:400,&quot;sizes&quot;:[]}}\" data-widget_type=\"nested-accordion.default\">\n\t\t\t\t<div class=\"elementor-widget-container\">\n\t\t\t\t\t\t\t<div class=\"e-n-accordion\" aria-label=\"Accordion. Open links with Enter or Space, close with Escape, and navigate with Arrow Keys\">\n\t\t\t\t\t\t<details id=\"e-n-accordion-item-1890\" class=\"e-n-accordion-item\" open>\n\t\t\t\t<summary class=\"e-n-accordion-item-title\" data-accordion-index=\"1\" tabindex=\"0\" aria-expanded=\"true\" aria-controls=\"e-n-accordion-item-1890\" >\n\t\t\t\t\t<span class='e-n-accordion-item-title-header'><div class=\"e-n-accordion-item-title-text\"> 1. Qual \u00e9 a regra sobre o uso de celulares na escola? <\/div><\/span>\n\t\t\t\t\t\t\t\t\t<\/summary>\n\t\t\t\t<div role=\"region\" aria-labelledby=\"e-n-accordion-item-1890\" class=\"elementor-element elementor-element-e8e561d e-con-full e-flex e-con e-child\" data-id=\"e8e561d\" data-element_type=\"container\" data-e-type=\"container\">\n\t\t\t\t<div class=\"elementor-element elementor-element-b76e104 elementor-widget elementor-widget-text-editor\" data-id=\"b76e104\" data-element_type=\"widget\" data-e-type=\"widget\" data-widget_type=\"text-editor.default\">\n\t\t\t\t<div class=\"elementor-widget-container\">\n\t\t\t\t\t\t\t\t\t<p><span style=\"font-weight: 400;\">Segue detalhamento das regras sobre o uso de celulares, expresso em nosso C\u00f3digo de Conduta e Conviv\u00eancia:<\/span><\/p><ul><li style=\"font-weight: 400;\" aria-level=\"1\"><span style=\"font-weight: 400;\">Alunos da Educa\u00e7\u00e3o Infantil e do Ensino Fundamental 1 seguem proibidos de trazer aparelhos de celular para a escola (mantendo a regra j\u00e1 existente);<\/span><\/li><li style=\"font-weight: 400;\" aria-level=\"1\"><span style=\"font-weight: 400;\">A partir de agora, alunos do Ensino Fundamental 2 e Ensino M\u00e9dio tamb\u00e9m est\u00e3o proibidos de usar o celular no ambiente escolar;<\/span><\/li><li style=\"font-weight: 400;\" aria-level=\"1\"><span style=\"font-weight: 400;\">O celular dever\u00e1 ser desligado antes de acessar a escola. Seu uso n\u00e3o \u00e9 permitido nos ambientes escolares. <\/span><span style=\"font-weight: 400;\">Na sala de aula, os equipamentos dever\u00e3o ser colocados em local apropriado, conforme orienta\u00e7\u00e3o dos professores.<\/span><\/li><li style=\"font-weight: 400;\" aria-level=\"1\"><span style=\"font-weight: 400;\">A medida tamb\u00e9m se aplica nos casos de atividades pedag\u00f3gicas fora da escola.<\/span><\/li><li style=\"font-weight: 400;\" aria-level=\"1\"><span style=\"font-weight: 400;\">Situa\u00e7\u00f5es especiais, como necessidades de sa\u00fade, ser\u00e3o analisadas pela coordena\u00e7\u00e3o\/dire\u00e7\u00e3o. Por isso, pedimos que os pais entrem em contato conosco para analisarmos o caso.<\/span><\/li><\/ul>\t\t\t\t\t\t\t\t<\/div>\n\t\t\t\t<\/div>\n\t\t\t\t<\/div>\n\t\t\t\t\t<\/details>\n\t\t\t\t\t\t<details id=\"e-n-accordion-item-1891\" class=\"e-n-accordion-item\" >\n\t\t\t\t<summary class=\"e-n-accordion-item-title\" data-accordion-index=\"2\" tabindex=\"-1\" aria-expanded=\"false\" aria-controls=\"e-n-accordion-item-1891\" >\n\t\t\t\t\t<span class='e-n-accordion-item-title-header'><div class=\"e-n-accordion-item-title-text\"> 2. O que acontece se um aluno descumprir a regra sobre o uso de celular, tablets e smartwatches pessoais? <\/div><\/span>\n\t\t\t\t\t\t\t\t\t<\/summary>\n\t\t\t\t<div role=\"region\" aria-labelledby=\"e-n-accordion-item-1891\" class=\"elementor-element elementor-element-a62d4bf e-con-full e-flex e-con e-child\" data-id=\"a62d4bf\" data-element_type=\"container\" data-e-type=\"container\">\n\t\t\t\t<div class=\"elementor-element elementor-element-24ca7a6 elementor-widget elementor-widget-text-editor\" data-id=\"24ca7a6\" data-element_type=\"widget\" data-e-type=\"widget\" data-widget_type=\"text-editor.default\">\n\t\t\t\t<div class=\"elementor-widget-container\">\n\t\t\t\t\t\t\t\t\t<p><span style=\"font-weight: 400;\">As consequ\u00eancias para o uso indevido do celular em ambiente escolar s\u00e3o progressivas:<\/span><\/p><ul><li style=\"font-weight: 400;\" aria-level=\"1\"><span style=\"font-weight: 400;\">1\u00aa incid\u00eancia: aviso aos respons\u00e1veis e reten\u00e7\u00e3o do aparelho at\u00e9 o final do dia letivo.<\/span><\/li><li style=\"font-weight: 400;\" aria-level=\"1\"><span style=\"font-weight: 400;\">2\u00aa incid\u00eancia: aviso aos respons\u00e1veis, reten\u00e7\u00e3o do aparelho e libera\u00e7\u00e3o somente com a presen\u00e7a dos pais\/respons\u00e1veis.<\/span><\/li><li style=\"font-weight: 400;\" aria-level=\"1\"><span style=\"font-weight: 400;\">3\u00aa incid\u00eancia: aviso aos respons\u00e1veis, reten\u00e7\u00e3o do aparelho, libera\u00e7\u00e3o somente com a presen\u00e7a dos pais\/respons\u00e1veis e suspens\u00e3o por 1 dia letivo.<\/span><\/li><\/ul>\t\t\t\t\t\t\t\t<\/div>\n\t\t\t\t<\/div>\n\t\t\t\t<\/div>\n\t\t\t\t\t<\/details>\n\t\t\t\t\t\t<details id=\"e-n-accordion-item-1892\" class=\"e-n-accordion-item\" >\n\t\t\t\t<summary class=\"e-n-accordion-item-title\" data-accordion-index=\"3\" tabindex=\"-1\" aria-expanded=\"false\" aria-controls=\"e-n-accordion-item-1892\" >\n\t\t\t\t\t<span class='e-n-accordion-item-title-header'><div class=\"e-n-accordion-item-title-text\"> 3.Como funciona a rotina sem o uso do celular? <\/div><\/span>\n\t\t\t\t\t\t\t\t\t<\/summary>\n\t\t\t\t<div role=\"region\" aria-labelledby=\"e-n-accordion-item-1892\" class=\"elementor-element elementor-element-678ffbc e-flex e-con-boxed e-con e-child\" data-id=\"678ffbc\" data-element_type=\"container\" data-e-type=\"container\">\n\t\t\t\t\t<div class=\"e-con-inner\">\n\t\t\t\t<div class=\"elementor-element elementor-element-90c2fba elementor-widget elementor-widget-text-editor\" data-id=\"90c2fba\" data-element_type=\"widget\" data-e-type=\"widget\" data-widget_type=\"text-editor.default\">\n\t\t\t\t<div class=\"elementor-widget-container\">\n\t\t\t\t\t\t\t\t\t<p><span style=\"font-weight: 400;\">A rotina di\u00e1ria no ambiente escolar est\u00e1 adaptada para <\/span><span style=\"font-weight: 400;\">proporcionar a concentra\u00e7\u00e3o e a participa\u00e7\u00e3o ativa nas atividades escolares.<\/span><span style=\"font-weight: 400;\"> Os alunos do Ensino Fundamental 2 e do Ensino M\u00e9dio devem desligar o celular antes de entrar na escola e guard\u00e1-lo desligado em local disponibilizado pelo CIB em sala de aula.<\/span><\/p><p><span style=\"font-weight: 400;\">O celular poder\u00e1 ser retirado durante o hor\u00e1rio do almo\u00e7o, desde que a refei\u00e7\u00e3o seja feita fora do pr\u00e9dio do CIB. Se a op\u00e7\u00e3o foi pelo restaurante do Col\u00e9gio, a proibi\u00e7\u00e3o est\u00e1 mantida. O aparelho, por\u00e9m, deve ficar desligado at\u00e9 a sa\u00edda do pr\u00e9dio.\u00a0<\/span><\/p>\t\t\t\t\t\t\t\t<\/div>\n\t\t\t\t<\/div>\n\t\t\t\t\t<\/div>\n\t\t\t\t<\/div>\n\t\t\t\t\t<\/details>\n\t\t\t\t\t\t<details id=\"e-n-accordion-item-1893\" class=\"e-n-accordion-item\" >\n\t\t\t\t<summary class=\"e-n-accordion-item-title\" data-accordion-index=\"4\" tabindex=\"-1\" aria-expanded=\"false\" aria-controls=\"e-n-accordion-item-1893\" >\n\t\t\t\t\t<span class='e-n-accordion-item-title-header'><div class=\"e-n-accordion-item-title-text\"> 4. E se o aluno precisar do celular durante o hor\u00e1rio de almo\u00e7o? <\/div><\/span>\n\t\t\t\t\t\t\t\t\t<\/summary>\n\t\t\t\t<div role=\"region\" aria-labelledby=\"e-n-accordion-item-1893\" class=\"elementor-element elementor-element-1a340fd e-flex e-con-boxed e-con e-child\" data-id=\"1a340fd\" data-element_type=\"container\" data-e-type=\"container\">\n\t\t\t\t\t<div class=\"e-con-inner\">\n\t\t\t\t<div class=\"elementor-element elementor-element-3659df7 elementor-widget elementor-widget-text-editor\" data-id=\"3659df7\" data-element_type=\"widget\" data-e-type=\"widget\" data-widget_type=\"text-editor.default\">\n\t\t\t\t<div class=\"elementor-widget-container\">\n\t\t\t\t\t\t\t\t\t<p><span style=\"font-weight: 400;\">O aluno do EF2 e EM pode reaver o aparelho se o almo\u00e7o for fora da escola. Novamente, dever\u00e1 ficar desligado at\u00e9 a sa\u00edda do pr\u00e9dio do CIB. Quando retornar, dever\u00e1 desligar novamente e colocar o aparelho novamente no local indicado em aula.<\/span><\/p><p><span style=\"font-weight: 400;\">Se a op\u00e7\u00e3o foi pelo almo\u00e7o na escola, o celular n\u00e3o ser\u00e1 devolvido para o aluno, apenas ao final da aula.<\/span><\/p><p><span style=\"font-weight: 400;\">Caso o aluno necessite comunicar-se com a fam\u00edlia, estando dentro da escola, poder\u00e1 pedir \u00e0s Secret\u00e1rias de Etapa que efetuar\u00e3o uma liga\u00e7\u00e3o para os respons\u00e1veis<\/span><\/p>\t\t\t\t\t\t\t\t<\/div>\n\t\t\t\t<\/div>\n\t\t\t\t\t<\/div>\n\t\t\t\t<\/div>\n\t\t\t\t\t<\/details>\n\t\t\t\t\t\t<details id=\"e-n-accordion-item-1894\" class=\"e-n-accordion-item\" >\n\t\t\t\t<summary class=\"e-n-accordion-item-title\" data-accordion-index=\"5\" tabindex=\"-1\" aria-expanded=\"false\" aria-controls=\"e-n-accordion-item-1894\" >\n\t\t\t\t\t<span class='e-n-accordion-item-title-header'><div class=\"e-n-accordion-item-title-text\"> 5. Como os professores e outros colaboradores devem proceder? <\/div><\/span>\n\t\t\t\t\t\t\t\t\t<\/summary>\n\t\t\t\t<div role=\"region\" aria-labelledby=\"e-n-accordion-item-1894\" class=\"elementor-element elementor-element-aadec10 e-flex e-con-boxed e-con e-child\" data-id=\"aadec10\" data-element_type=\"container\" data-e-type=\"container\">\n\t\t\t\t\t<div class=\"e-con-inner\">\n\t\t\t\t<div class=\"elementor-element elementor-element-d04b269 elementor-widget elementor-widget-text-editor\" data-id=\"d04b269\" data-element_type=\"widget\" data-e-type=\"widget\" data-widget_type=\"text-editor.default\">\n\t\t\t\t<div class=\"elementor-widget-container\">\n\t\t\t\t\t\t\t\t\t<p><span style=\"font-weight: 400;\">Ensinamos pelo exemplo. Estamos enfatizando que o uso de celulares deve ser feito em ambientes reservados, onde os alunos n\u00e3o estejam. Os professores poder\u00e3o usar o aparelho com os alunos desde que ele seja parte integrante da din\u00e2mica em sala de aula.<\/span><\/p>\t\t\t\t\t\t\t\t<\/div>\n\t\t\t\t<\/div>\n\t\t\t\t\t<\/div>\n\t\t\t\t<\/div>\n\t\t\t\t\t<\/details>\n\t\t\t\t\t\t<details id=\"e-n-accordion-item-1895\" class=\"e-n-accordion-item\" >\n\t\t\t\t<summary class=\"e-n-accordion-item-title\" data-accordion-index=\"6\" tabindex=\"-1\" aria-expanded=\"false\" aria-controls=\"e-n-accordion-item-1895\" >\n\t\t\t\t\t<span class='e-n-accordion-item-title-header'><div class=\"e-n-accordion-item-title-text\"> 6. Como ser\u00e1 a guarda dos aparelhos durante as aulas? <\/div><\/span>\n\t\t\t\t\t\t\t\t\t<\/summary>\n\t\t\t\t<div role=\"region\" aria-labelledby=\"e-n-accordion-item-1895\" class=\"elementor-element elementor-element-aea775a e-flex e-con-boxed e-con e-child\" data-id=\"aea775a\" data-element_type=\"container\" data-e-type=\"container\">\n\t\t\t\t\t<div class=\"e-con-inner\">\n\t\t\t\t<div class=\"elementor-element elementor-element-7d7dc00 elementor-widget elementor-widget-text-editor\" data-id=\"7d7dc00\" data-element_type=\"widget\" data-e-type=\"widget\" data-widget_type=\"text-editor.default\">\n\t\t\t\t<div class=\"elementor-widget-container\">\n\t\t\t\t\t\t\t\t\t<p><span style=\"font-weight: 400;\">O CIB est\u00e1 disponibilizando nas salas de aula caixas onde os aparelhos devem ser guardados. Ela permanecer\u00e1 fechada durante todo o tempo que o estudante permanecer no CIB.<\/span><\/p>\t\t\t\t\t\t\t\t<\/div>\n\t\t\t\t<\/div>\n\t\t\t\t\t<\/div>\n\t\t\t\t<\/div>\n\t\t\t\t\t<\/details>\n\t\t\t\t\t\t<details id=\"e-n-accordion-item-1896\" class=\"e-n-accordion-item\" >\n\t\t\t\t<summary class=\"e-n-accordion-item-title\" data-accordion-index=\"7\" tabindex=\"-1\" aria-expanded=\"false\" aria-controls=\"e-n-accordion-item-1896\" >\n\t\t\t\t\t<span class='e-n-accordion-item-title-header'><div class=\"e-n-accordion-item-title-text\"> 7. Qual \u00e9 o papel das fam\u00edlias nesse processo? <\/div><\/span>\n\t\t\t\t\t\t\t\t\t<\/summary>\n\t\t\t\t<div role=\"region\" aria-labelledby=\"e-n-accordion-item-1896\" class=\"elementor-element elementor-element-c76af02 e-flex e-con-boxed e-con e-child\" data-id=\"c76af02\" data-element_type=\"container\" data-e-type=\"container\">\n\t\t\t\t\t<div class=\"e-con-inner\">\n\t\t\t\t<div class=\"elementor-element elementor-element-b8db360 elementor-widget elementor-widget-text-editor\" data-id=\"b8db360\" data-element_type=\"widget\" data-e-type=\"widget\" data-widget_type=\"text-editor.default\">\n\t\t\t\t<div class=\"elementor-widget-container\">\n\t\t\t\t\t\t\t\t\t<p><span style=\"font-weight: 400;\">O sucesso da medida depende tamb\u00e9m da colabora\u00e7\u00e3o dos familiares e respons\u00e1veis. \u00c9 importante apoiar a escola e conversar com os filhos sobre a import\u00e2ncia dessa medida. Os pais devem acompanhar esse processo de adapta\u00e7\u00e3o e buscar o apoio da Coordena\u00e7\u00e3o sempre que necess\u00e1rio. A parceria entre fam\u00edlia e escola \u00e9 fundamental para educar os jovens sobre o uso consciente, seguro e equilibrado da tecnologia. No Guia Escolar, disponibilizamos algumas informa\u00e7\u00f5es iniciais que poder\u00e3o ajud\u00e1-lo.<\/span><\/p>\t\t\t\t\t\t\t\t<\/div>\n\t\t\t\t<\/div>\n\t\t\t\t\t<\/div>\n\t\t\t\t<\/div>\n\t\t\t\t\t<\/details>\n\t\t\t\t\t\t<details id=\"e-n-accordion-item-1897\" class=\"e-n-accordion-item\" >\n\t\t\t\t<summary class=\"e-n-accordion-item-title\" data-accordion-index=\"8\" tabindex=\"-1\" aria-expanded=\"false\" aria-controls=\"e-n-accordion-item-1897\" >\n\t\t\t\t\t<span class='e-n-accordion-item-title-header'><div class=\"e-n-accordion-item-title-text\"> 8. A partir de que horas posso deixar meu filho na escola? <\/div><\/span>\n\t\t\t\t\t\t\t\t\t<\/summary>\n\t\t\t\t<div role=\"region\" aria-labelledby=\"e-n-accordion-item-1897\" class=\"elementor-element elementor-element-5ebd201 e-flex e-con-boxed e-con e-child\" data-id=\"5ebd201\" data-element_type=\"container\" data-e-type=\"container\">\n\t\t\t\t\t<div class=\"e-con-inner\">\n\t\t\t\t<div class=\"elementor-element elementor-element-b248db7 elementor-widget elementor-widget-text-editor\" data-id=\"b248db7\" data-element_type=\"widget\" data-e-type=\"widget\" data-widget_type=\"text-editor.default\">\n\t\t\t\t<div class=\"elementor-widget-container\">\n\t\t\t\t\t\t\t\t\t<p><span style=\"font-weight: 400;\">Os alunos do Ensino Fundamental, que passam a ter seus hor\u00e1rios unificados neste ano, podem ser deixados a partir das 7h30 na escola. Ressaltamos, por\u00e9m, que n\u00e3o haver\u00e1 atividade pedag\u00f3gica nesse intervalo de tempo at\u00e9 o in\u00edcio das aulas, \u00e0s 8h.<\/span><\/p>\t\t\t\t\t\t\t\t<\/div>\n\t\t\t\t<\/div>\n\t\t\t\t\t<\/div>\n\t\t\t\t<\/div>\n\t\t\t\t\t<\/details>\n\t\t\t\t\t\t<details id=\"e-n-accordion-item-1898\" class=\"e-n-accordion-item\" >\n\t\t\t\t<summary class=\"e-n-accordion-item-title\" data-accordion-index=\"9\" tabindex=\"-1\" aria-expanded=\"false\" aria-controls=\"e-n-accordion-item-1898\" >\n\t\t\t\t\t<span class='e-n-accordion-item-title-header'><div class=\"e-n-accordion-item-title-text\"> 09. Quando ser\u00e3o as matr\u00edculas para as disciplinas eletivas do EF2 e EM? <\/div><\/span>\n\t\t\t\t\t\t\t\t\t<\/summary>\n\t\t\t\t<div role=\"region\" aria-labelledby=\"e-n-accordion-item-1898\" class=\"elementor-element elementor-element-f426b03 e-flex e-con-boxed e-con e-child\" data-id=\"f426b03\" data-element_type=\"container\" data-e-type=\"container\">\n\t\t\t\t\t<div class=\"e-con-inner\">\n\t\t\t\t<div class=\"elementor-element elementor-element-51817e2 elementor-widget elementor-widget-text-editor\" data-id=\"51817e2\" data-element_type=\"widget\" data-e-type=\"widget\" data-widget_type=\"text-editor.default\">\n\t\t\t\t<div class=\"elementor-widget-container\">\n\t\t\t\t\t\t\t\t\t<p><span style=\"font-weight: 400;\">As matr\u00edculas ser\u00e3o realizadas pelos pr\u00f3prios alunos na primeira semana de aulas, atendendo ao seguinte cronograma:<\/span><\/p><p><span style=\"font-weight: 400;\">Ensino Fundamental 2: de 18 a 25\/2 os alunos vivenciar\u00e3o as ofertas (uma esp\u00e9cie de degusta\u00e7\u00e3o) das aulas e as matr\u00edculas, efetivamente, acontecem nos dias 26 a 27 de fevereiro<\/span><\/p><p><span style=\"font-weight: 400;\">Ensino M\u00e9dio: o per\u00edodo de viv\u00eancias das ofertas \u00e9 mais ampliado, devido \u00e0s caracter\u00edsticas diferenciadas desta Etapa. As matr\u00edculas acontecer\u00e3o de 02 a\u00a0 06\u00a0 de mar\u00e7o.<\/span><\/p>\t\t\t\t\t\t\t\t<\/div>\n\t\t\t\t<\/div>\n\t\t\t\t\t<\/div>\n\t\t\t\t<\/div>\n\t\t\t\t\t<\/details>\n\t\t\t\t\t<\/div>\n\t\t\t\t\t\t<\/div>\n\t\t\t\t<\/div>\n\t\t\t\t<\/div>\n\t\t\t\t\t<\/div>\n\t\t\t\t<\/div>\n\t\t\t\t<\/div>\n\t\t","protected":false},"excerpt":{"rendered":"<p>FAQ 1. Qual \u00e9 a regra sobre o uso de celulares na escola? Segue detalhamento das regras sobre o uso de celulares, expresso em nosso C\u00f3digo de Conduta e Conviv\u00eancia: Alunos da Educa\u00e7\u00e3o Infantil e do Ensino Fundamental 1 seguem proibidos de trazer aparelhos de celular para a escola (mantendo a regra j\u00e1 existente); A [&hellip;]<\/p>\n","protected":false},"author":1,"featured_media":0,"parent":0,"menu_order":0,"comment_status":"closed","ping_status":"closed","template":"","meta":{"footnotes":""},"class_list":["post-60","page","type-page","status-publish","hentry"],"_links":{"self":[{"href":"https:\/\/israelitaedu.com.br\/guiaescolar\/wp-json\/wp\/v2\/pages\/60","targetHints":{"allow":["GET"]}}],"collection":[{"href":"https:\/\/israelitaedu.com.br\/guiaescolar\/wp-json\/wp\/v2\/pages"}],"about":[{"href":"https:\/\/israelitaedu.com.br\/guiaescolar\/wp-json\/wp\/v2\/types\/page"}],"author":[{"embeddable":true,"href":"https:\/\/israelitaedu.com.br\/guiaescolar\/wp-json\/wp\/v2\/users\/1"}],"replies":[{"embeddable":true,"href":"https:\/\/israelitaedu.com.br\/guiaescolar\/wp-json\/wp\/v2\/comments?post=60"}],"version-history":[{"count":15,"href":"https:\/\/israelitaedu.com.br\/guiaescolar\/wp-json\/wp\/v2\/pages\/60\/revisions"}],"predecessor-version":[{"id":3062,"href":"https:\/\/israelitaedu.com.br\/guiaescolar\/wp-json\/wp\/v2\/pages\/60\/revisions\/3062"}],"wp:attachment":[{"href":"https:\/\/israelitaedu.com.br\/guiaescolar\/wp-json\/wp\/v2\/media?parent=60"}],"curies":[{"name":"wp","href":"https:\/\/api.w.org\/{rel}","templated":true}]}}