{"id":537,"date":"2025-04-17T11:26:04","date_gmt":"2025-04-17T14:26:04","guid":{"rendered":"https:\/\/israelitaedu.com.br\/guiaescolar\/?page_id=537"},"modified":"2025-12-19T11:09:42","modified_gmt":"2025-12-19T14:09:42","slug":"processo-de-adaptacao","status":"publish","type":"page","link":"https:\/\/israelitaedu.com.br\/guiaescolar\/educacao-infantil\/processo-de-adaptacao\/","title":{"rendered":"Processo de Adapta\u00e7\u00e3o"},"content":{"rendered":"\t\t<div data-elementor-type=\"wp-page\" data-elementor-id=\"537\" class=\"elementor elementor-537\" data-elementor-post-type=\"page\">\n\t\t\t\t<div class=\"elementor-element elementor-element-368d97b5 e-flex e-con-boxed e-con e-parent\" data-id=\"368d97b5\" data-element_type=\"container\" data-e-type=\"container\">\n\t\t\t\t\t<div class=\"e-con-inner\">\n\t\t<div class=\"elementor-element elementor-element-137826ba e-con-full e-flex e-con e-child\" data-id=\"137826ba\" data-element_type=\"container\" data-e-type=\"container\">\n\t\t\t\t<div class=\"elementor-element elementor-element-6b7a18f7 elementor-widget elementor-widget-heading\" data-id=\"6b7a18f7\" data-element_type=\"widget\" data-e-type=\"widget\" data-widget_type=\"heading.default\">\n\t\t\t\t<div class=\"elementor-widget-container\">\n\t\t\t\t\t<h2 class=\"elementor-heading-title elementor-size-default\"><span>Processo de&nbsp;Adapta\u00e7\u00e3o<\/span><\/h2>\t\t\t\t<\/div>\n\t\t\t\t<\/div>\n\t\t\t\t<\/div>\n\t\t<div class=\"elementor-element elementor-element-7cfba280 e-con-full e-flex e-con e-child\" data-id=\"7cfba280\" data-element_type=\"container\" data-e-type=\"container\">\n\t\t\t\t<div class=\"elementor-element elementor-element-2b04d78e elementor-widget elementor-widget-text-editor\" data-id=\"2b04d78e\" data-element_type=\"widget\" data-e-type=\"widget\" data-widget_type=\"text-editor.default\">\n\t\t\t\t<div class=\"elementor-widget-container\">\n\t\t\t\t\t\t\t\t\t<p>O per\u00edodo de adapta\u00e7\u00e3o \u00e9 planejado para acolher as crian\u00e7as e suas fam\u00edlias de forma gradual e segura. Ele inclui uma entrevista com a <strong>Coordena\u00e7\u00e3o da Etapa<\/strong>, um <strong>encontro individual<\/strong> com a professora e <strong>hor\u00e1rios diferenciados<\/strong> nos primeiros dias letivos, favorecendo uma transi\u00e7\u00e3o tranquila para a rotina escolar.<\/p><p><strong>Per\u00edodo e hor\u00e1rio de adapta\u00e7\u00e3o<\/strong><\/p><p>Os hor\u00e1rios especiais do per\u00edodo de adapta\u00e7\u00e3o s\u00e3o definidos para favorecer v\u00ednculos, acolhimento e familiariza\u00e7\u00e3o com os novos espa\u00e7os, garantindo que a crian\u00e7a inicie a jornada escolar com seguran\u00e7a e confian\u00e7a.<\/p><p>Os hor\u00e1rios individualizados s\u00e3o informados \u00e0s fam\u00edlias durante a entrevista com a professora ou na reuni\u00e3o inicial de turma.<\/p><p>&#8212;&#8212;&#8212;&#8212;&#8212;&#8212;&#8212;&#8212;&#8212;&#8212;<\/p><p><b>Entrevista<\/b>\u00a0<b>individual<\/b> <b>com<\/b> <b>a<\/b> <b>professora<\/b>:<\/p><div><p>Para agendar a entrevista individual com a professora, entre em contato com a Central de Relacionamento pelo WhatsApp Institucional (51) 9 8324-6664, das 9h \u00e0s 17h, a partir do dia 28 de janeiro.<br \/>A entrevista pode ocorrer presencialmente ou de forma on-line. Para as fam\u00edlias que optarem pela reuni\u00e3o on-line, o link ser\u00e1 disponibilizado via aplicativo em fevereiro.<\/p><p><b>12\/02<\/b><\/p><ul><li><span style=\"font-weight: 400;\"> Entrevistas individuais com fam\u00edlias dos Maternais, N\u00edvel A e N\u00edvel B &#8211; <\/span><b>Turno<\/b> <b>manh\u00e3<\/b> <b>e<\/b> <b>tarde<\/b><span style=\"font-weight: 400;\"> (remoto ou presencial)<\/span><\/li><\/ul><p><b>13\/02<\/b><\/p><ul><li><span style=\"font-weight: 400;\"> Entrevistas individuais com fam\u00edlias dos Maternais, N\u00edvel A e N\u00edvel B &#8211; <\/span><b>Turno<\/b> <b>manh\u00e3<\/b><span style=\"font-weight: 400;\"><span style=\"font-weight: 400;\"> (remoto ou presencial)<\/span><\/span><\/li><\/ul><p>&#8212;&#8212;&#8212;&#8212;&#8212;&#8212;&#8212;&#8212;&#8212;&#8212;<\/p><p><b>1\u00ba<\/b> <b>dia<\/b> <b>letivo<\/b>:<\/p><\/div><div><p><b>19\/02<\/b><span style=\"font-weight: 400;\"> Recep\u00e7\u00e3o na sala de aula, conforme cronograma especial no per\u00edodo de adapta\u00e7\u00e3o. A equipe estar\u00e1 orientando as fam\u00edlias na entrada dos Maternais e dos N\u00edveis A e B.<\/span><\/p><p><b>Adapta\u00e7\u00e3o<\/b><span style=\"font-weight: 400;\">:<\/span><\/p><p><span style=\"font-weight: 400;\">Para facilitar o acolhimento das crian\u00e7as e de suas fam\u00edlias, organizamos hor\u00e1rios especiais para o per\u00edodo de adapta\u00e7\u00e3o. O hor\u00e1rio ser\u00e1 agendado diretamente com a professora na entrevista individual ou no momento da reuni\u00e3o geral do dia 18 de fevereiro. Caso seja necess\u00e1rio agendamento pr\u00e9vio, pedimos que entre em contato com a Central de Relacionamento pelo telefone (51) 3331.3933 ou WhatsApp Institucional (51) 9.8324.6664, das 9h \u00e0s 17h a partir do dia <\/span><span style=\"font-weight: 400;\">19\/01<\/span><span style=\"font-weight: 400;\">.\u00a0<\/span><\/p><p><b>Maternal<\/b> <b>1<\/b> <b>e<\/b> <b>Maternal<\/b> <b>2<\/b><\/p><p><b>Dia<\/b> <b>19<\/b> <b>de<\/b> <b>fevereiro<\/b> <b>(quinta-feira)<\/b><\/p><p><span style=\"font-weight: 400;\">Grupo 1 \u2013 das 13h20min \u00e0s 15h20min<\/span><\/p><p><span style=\"font-weight: 400;\">Grupo 2 \u2013 das 15h50min \u00e0s 17h50min<\/span><\/p><p><span style=\"font-weight: 400;\">Dia 20 de fevereiro (sexta-feira)<\/span><\/p><p><span style=\"font-weight: 400;\">Grupo 1 \u2013 das 13h20min \u00e0s 15h<\/span><\/p><p><span style=\"font-weight: 400;\">Grupo 2 \u2013 das 15h20min \u00e0s 17h<\/span><\/p><p><b>De<\/b> <b>23<\/b> <b>a<\/b> <b>26<\/b> <b>de<\/b> <b>fevereiro<\/b><span style=\"font-weight: 400;\"> (<\/span><b>segunda<\/b> <b>a<\/b> <b>quinta<\/b><span style=\"font-weight: 400;\">)<\/span><\/p><p><span style=\"font-weight: 400;\">Grupo 1 \u2013 das 13h20min \u00e0s 15h20min<\/span><\/p><p><span style=\"font-weight: 400;\">Grupo 2 \u2013 das 15h50min \u00e0s 17h50min<\/span><\/p><p><b>27<\/b> <b>de<\/b> <b>fevereiro<\/b> <b>(sexta)<\/b><span style=\"font-weight: 400;\"> &#8211; <\/span><b>todo<\/b> <b>grupo<\/b> <b>das<\/b> <b>13h10min<\/b> <b>\u00e0s<\/b> <b>17h<\/b><\/p><p><span style=\"font-weight: 400;\">A partir do dia 02 de mar\u00e7o (segunda-feira) &#8211; hor\u00e1rio normal ou conforme combinado com a professora.<\/span><\/p><p><b>Maternal<\/b> <b>3<\/b><span style=\"font-weight: 400;\">,<\/span> <b>N\u00edvel<\/b> <b>A<\/b> <b>e<\/b> <b>N\u00edvel<\/b> <b>B<\/b><\/p><p><b>Dia<\/b> <b>19<\/b> <b>de<\/b> <b>fevereiro<\/b> <b>(quinta-feira)<\/b><\/p><p><span style=\"font-weight: 400;\">Grupo 1 \u2013 das 13h20min \u00e0s 15h20min<\/span><\/p><p><span style=\"font-weight: 400;\">Grupo 2 \u2013 das 15h50min \u00e0s 17h50min<\/span><\/p><p><b>Dia<\/b> <b>20<\/b> <b>de<\/b> <b>fevereiro<\/b> <b>(sexta-feira)<\/b><\/p><p><span style=\"font-weight: 400;\">Grupo 1 \u2013 das 13h20min \u00e0s 15h<\/span><\/p><p><span style=\"font-weight: 400;\">Grupo 2 \u2013 das 15h20min \u00e0s 17h<\/span><\/p><p><b>23<\/b> <b>de<\/b> <b>fevereiro<\/b> <b>(segunda-feira)<\/b><span style=\"font-weight: 400;\"> &#8211; hor\u00e1rio normal ou conforme combinado com a professora;<\/span><\/p><\/div><div><p>&#8212;&#8212;&#8212;&#8212;&#8212;&#8212;&#8212;&#8212;&#8212;&#8212;<\/p><p><b>Turno Complementar:<\/b><\/p><p><span style=\"font-weight: 400;\">As aulas do turno complementar acontecem no turno da manh\u00e3 e promovem momentos de intera\u00e7\u00e3o e desenvolvimento de forma l\u00fadica e pedag\u00f3gica. Mais tempo para os alunos do Maternal 1 ao N\u00edvel B brincarem, aprenderem e se desenvolverem.<\/span><\/p><p><span style=\"font-weight: 400;\">As matr\u00edculas no Turno Complementar s\u00e3o realizadas pelo Portal dos Pais, no site do col\u00e9gio, a partir de 06<\/span> <span style=\"font-weight: 400;\">de<\/span> <span style=\"font-weight: 400;\">janeiro<\/span><span style=\"font-weight: 400;\">.<\/span><\/p><p><span style=\"font-weight: 400;\">In\u00edcio das atividades do Turno Complementar para as turmas de Maternal 3, N\u00edveis A e B: dia 23 de fevereiro.<\/span><\/p><p><span style=\"font-weight: 400;\">In\u00edcio das atividades do Turno Complementar para os alunos novos dos Maternais 1 e 2: dia 02 de mar\u00e7o.<\/span><\/p><\/div><div>\u00a0<\/div>\t\t\t\t\t\t\t\t<\/div>\n\t\t\t\t<\/div>\n\t\t\t\t<div class=\"elementor-element elementor-element-4063820 elementor-widget elementor-widget-text-editor\" data-id=\"4063820\" data-element_type=\"widget\" data-e-type=\"widget\" data-widget_type=\"text-editor.default\">\n\t\t\t\t<div class=\"elementor-widget-container\">\n\t\t\t\t\t\t\t\t\t<h2 style=\"text-align: center;\"><span style=\"color: #ffffff; font-family: Albert Sans, sans-serif;\"><span style=\"font-size: 33px;\">Navega\u00e7\u00e3o EI<\/span><\/span><\/h2>\t\t\t\t\t\t\t\t<\/div>\n\t\t\t\t<\/div>\n\t\t<div class=\"elementor-element elementor-element-14d7aaba e-grid e-con-full e-con e-child\" data-id=\"14d7aaba\" data-element_type=\"container\" data-e-type=\"container\">\n\t\t\t\t<div class=\"elementor-element elementor-element-1afbd825 elementor-widget elementor-widget-html\" data-id=\"1afbd825\" data-element_type=\"widget\" data-e-type=\"widget\" data-widget_type=\"html.default\">\n\t\t\t\t<div class=\"elementor-widget-container\">\n\t\t\t\t\t<a href=\"\/guiaescolar\/educacao-infantil\/horarios\" style=\"text-decoration: none;\">\r\n  <button class=\"comic-button\">Hor\u00e1rios<\/button>\r\n<\/a>\t\t\t\t<\/div>\n\t\t\t\t<\/div>\n\t\t\t\t<div class=\"elementor-element elementor-element-6b204ad1 elementor-widget elementor-widget-html\" data-id=\"6b204ad1\" data-element_type=\"widget\" data-e-type=\"widget\" data-widget_type=\"html.default\">\n\t\t\t\t<div class=\"elementor-widget-container\">\n\t\t\t\t\t<a href=\"\/guiaescolar\/educacao-infantil\/salas-de-aula-educacao-infantil\/\" style=\"text-decoration: none;\">\r\n  <button class=\"comic-button\">Salas<br>de Aula<\/button>\r\n<\/a>\t\t\t\t<\/div>\n\t\t\t\t<\/div>\n\t\t\t\t<div class=\"elementor-element elementor-element-3642adda elementor-widget elementor-widget-html\" data-id=\"3642adda\" data-element_type=\"widget\" data-e-type=\"widget\" data-widget_type=\"html.default\">\n\t\t\t\t<div class=\"elementor-widget-container\">\n\t\t\t\t\t<a href=\"\/guiaescolar\/educacao-infantil\/entrada-e-saida\" style=\"text-decoration: none;\">\r\n  <button class=\"comic-button\">Entrada<br>e Sa\u00edda<\/button>\r\n<\/a>\t\t\t\t<\/div>\n\t\t\t\t<\/div>\n\t\t\t\t<\/div>\n\t\t<div class=\"elementor-element elementor-element-173ab233 e-grid e-con-full e-con e-child\" data-id=\"173ab233\" data-element_type=\"container\" data-e-type=\"container\">\n\t\t\t\t<div class=\"elementor-element elementor-element-74c69f2c elementor-widget elementor-widget-html\" data-id=\"74c69f2c\" data-element_type=\"widget\" data-e-type=\"widget\" data-widget_type=\"html.default\">\n\t\t\t\t<div class=\"elementor-widget-container\">\n\t\t\t\t\t<a href=\"\/guiaescolar\/educacao-infantil\/processo-de-adaptacao\" style=\"text-decoration: none;\">\r\n  <button class=\"comic-button\">Processo<br>de Adapta\u00e7\u00e3o<\/button>\r\n<\/a>\t\t\t\t<\/div>\n\t\t\t\t<\/div>\n\t\t\t\t<div class=\"elementor-element elementor-element-2c01806 elementor-widget elementor-widget-html\" data-id=\"2c01806\" data-element_type=\"widget\" data-e-type=\"widget\" data-widget_type=\"html.default\">\n\t\t\t\t<div class=\"elementor-widget-container\">\n\t\t\t\t\t<a href=\"\/guiaescolar\/educacao-infantil\/turno-complementar\" style=\"text-decoration: none;\">\r\n  <button class=\"comic-button\">Turno<br>Complementar<\/button>\r\n<\/a>\t\t\t\t<\/div>\n\t\t\t\t<\/div>\n\t\t\t\t<div class=\"elementor-element elementor-element-e7f3b04 elementor-widget elementor-widget-html\" data-id=\"e7f3b04\" data-element_type=\"widget\" data-e-type=\"widget\" data-widget_type=\"html.default\">\n\t\t\t\t<div class=\"elementor-widget-container\">\n\t\t\t\t\t<a href=\"\/guiaescolar\/educacao-infantil\/lista-de-materiais\" style=\"text-decoration: none;\">\r\n  <button class=\"comic-button\">Lista<br>de Materiais<\/button>\r\n<\/a>\t\t\t\t<\/div>\n\t\t\t\t<\/div>\n\t\t\t\t<\/div>\n\t\t<div class=\"elementor-element elementor-element-d6e4cf3 e-grid e-con-full e-con e-child\" data-id=\"d6e4cf3\" data-element_type=\"container\" data-e-type=\"container\">\n\t\t\t\t<div class=\"elementor-element elementor-element-b886330 elementor-widget elementor-widget-html\" data-id=\"b886330\" data-element_type=\"widget\" data-e-type=\"widget\" data-widget_type=\"html.default\">\n\t\t\t\t<div class=\"elementor-widget-container\">\n\t\t\t\t\t<a href=\"\/guiaescolar\/extracurriculares\/\" style=\"text-decoration: none;\">\r\n  <button class=\"comic-button\">Extra-<br>curriculares<\/button>\r\n<\/a>\t\t\t\t<\/div>\n\t\t\t\t<\/div>\n\t\t\t\t<div class=\"elementor-element elementor-element-5e003b4b elementor-widget elementor-widget-html\" data-id=\"5e003b4b\" data-element_type=\"widget\" data-e-type=\"widget\" data-widget_type=\"html.default\">\n\t\t\t\t<div class=\"elementor-widget-container\">\n\t\t\t\t\t<a href=\"\/guiaescolar\/educacao-infantil\/aniversario\" style=\"text-decoration: none;\">\r\n  <button class=\"comic-button\">Anivers\u00e1rio<\/button>\r\n<\/a>\t\t\t\t<\/div>\n\t\t\t\t<\/div>\n\t\t\t\t<div class=\"elementor-element elementor-element-2a7131be elementor-widget elementor-widget-html\" data-id=\"2a7131be\" data-element_type=\"widget\" data-e-type=\"widget\" data-widget_type=\"html.default\">\n\t\t\t\t<div class=\"elementor-widget-container\">\n\t\t\t\t\t<a href=\"\/guiaescolar\/educacao-infantil\/saida-de-estudos\" style=\"text-decoration: none;\">\r\n  <button class=\"comic-button\">Sa\u00eddas<br>de Estudos<\/button>\r\n<\/a>\t\t\t\t<\/div>\n\t\t\t\t<\/div>\n\t\t\t\t<\/div>\n\t\t<div class=\"elementor-element elementor-element-1d83a552 e-grid e-con-full e-con e-child\" data-id=\"1d83a552\" data-element_type=\"container\" data-e-type=\"container\">\n\t\t\t\t<div class=\"elementor-element elementor-element-5ac3287a elementor-widget elementor-widget-html\" data-id=\"5ac3287a\" data-element_type=\"widget\" data-e-type=\"widget\" data-widget_type=\"html.default\">\n\t\t\t\t<div class=\"elementor-widget-container\">\n\t\t\t\t\t<a href=\"\/guiaescolar\/educacao-infantil\/reunioes-de-turmas\" style=\"text-decoration: none;\">\r\n  <button class=\"comic-button\">Reuni\u00f5es<br> de Turmas<\/button>\r\n<\/a>\t\t\t\t<\/div>\n\t\t\t\t<\/div>\n\t\t\t\t<div class=\"elementor-element elementor-element-6b41e5c8 elementor-widget elementor-widget-html\" data-id=\"6b41e5c8\" data-element_type=\"widget\" data-e-type=\"widget\" data-widget_type=\"html.default\">\n\t\t\t\t<div class=\"elementor-widget-container\">\n\t\t\t\t\t<a href=\"\/guiaescolar\/educacao-infantil\/shabat-com-familias\" style=\"text-decoration: none;\">\r\n  <button class=\"comic-button\">Shabat<br>com Fam\u00edlias<\/button>\r\n<\/a>\t\t\t\t<\/div>\n\t\t\t\t<\/div>\n\t\t\t\t<\/div>\n\t\t\t\t<\/div>\n\t\t\t\t\t<\/div>\n\t\t\t\t<\/div>\n\t\t\t\t<\/div>\n\t\t","protected":false},"excerpt":{"rendered":"<p>Processo de&nbsp;Adapta\u00e7\u00e3o O per\u00edodo de adapta\u00e7\u00e3o \u00e9 planejado para acolher as crian\u00e7as e suas fam\u00edlias de forma gradual e segura. Ele inclui uma entrevista com a Coordena\u00e7\u00e3o da Etapa, um encontro individual com a professora e hor\u00e1rios diferenciados nos primeiros dias letivos, favorecendo uma transi\u00e7\u00e3o tranquila para a rotina escolar. Per\u00edodo e hor\u00e1rio de adapta\u00e7\u00e3o [&hellip;]<\/p>\n","protected":false},"author":4,"featured_media":0,"parent":300,"menu_order":0,"comment_status":"closed","ping_status":"closed","template":"","meta":{"footnotes":""},"class_list":["post-537","page","type-page","status-publish","hentry"],"_links":{"self":[{"href":"https:\/\/israelitaedu.com.br\/guiaescolar\/wp-json\/wp\/v2\/pages\/537","targetHints":{"allow":["GET"]}}],"collection":[{"href":"https:\/\/israelitaedu.com.br\/guiaescolar\/wp-json\/wp\/v2\/pages"}],"about":[{"href":"https:\/\/israelitaedu.com.br\/guiaescolar\/wp-json\/wp\/v2\/types\/page"}],"author":[{"embeddable":true,"href":"https:\/\/israelitaedu.com.br\/guiaescolar\/wp-json\/wp\/v2\/users\/4"}],"replies":[{"embeddable":true,"href":"https:\/\/israelitaedu.com.br\/guiaescolar\/wp-json\/wp\/v2\/comments?post=537"}],"version-history":[{"count":24,"href":"https:\/\/israelitaedu.com.br\/guiaescolar\/wp-json\/wp\/v2\/pages\/537\/revisions"}],"predecessor-version":[{"id":6704,"href":"https:\/\/israelitaedu.com.br\/guiaescolar\/wp-json\/wp\/v2\/pages\/537\/revisions\/6704"}],"up":[{"embeddable":true,"href":"https:\/\/israelitaedu.com.br\/guiaescolar\/wp-json\/wp\/v2\/pages\/300"}],"wp:attachment":[{"href":"https:\/\/israelitaedu.com.br\/guiaescolar\/wp-json\/wp\/v2\/media?parent=537"}],"curies":[{"name":"wp","href":"https:\/\/api.w.org\/{rel}","templated":true}]}}