{"id":48,"date":"2025-04-16T13:37:28","date_gmt":"2025-04-16T16:37:28","guid":{"rendered":"https:\/\/israelitaedu.com.br\/guiaescolar\/?page_id=48"},"modified":"2025-11-26T14:58:53","modified_gmt":"2025-11-26T17:58:53","slug":"uso-do-celular","status":"publish","type":"page","link":"https:\/\/israelitaedu.com.br\/guiaescolar\/uso-do-celular\/","title":{"rendered":"Uso do Celular"},"content":{"rendered":"\t\t<div data-elementor-type=\"wp-page\" data-elementor-id=\"48\" class=\"elementor elementor-48\" data-elementor-post-type=\"page\">\n\t\t\t\t<div class=\"elementor-element elementor-element-745e8a7f e-flex e-con-boxed e-con e-parent\" data-id=\"745e8a7f\" data-element_type=\"container\" data-e-type=\"container\">\n\t\t\t\t\t<div class=\"e-con-inner\">\n\t\t<div class=\"elementor-element elementor-element-4266b9d8 e-con-full e-flex e-con e-child\" data-id=\"4266b9d8\" data-element_type=\"container\" data-e-type=\"container\">\n\t\t\t\t<div class=\"elementor-element elementor-element-7c97f82e elementor-widget elementor-widget-heading\" data-id=\"7c97f82e\" data-element_type=\"widget\" data-e-type=\"widget\" data-widget_type=\"heading.default\">\n\t\t\t\t<div class=\"elementor-widget-container\">\n\t\t\t\t\t<h2 class=\"elementor-heading-title elementor-size-default\">Uso do Celular<\/h2>\t\t\t\t<\/div>\n\t\t\t\t<\/div>\n\t\t\t\t<div class=\"elementor-element elementor-element-18eb23ba elementor-widget elementor-widget-text-editor\" data-id=\"18eb23ba\" data-element_type=\"widget\" data-e-type=\"widget\" data-widget_type=\"text-editor.default\">\n\t\t\t\t<div class=\"elementor-widget-container\">\n\t\t\t\t\t\t\t\t\t<p>Desde 2025, o Col\u00e9gio Israelita Brasileiro adota uma pol\u00edtica institucional de n\u00e3o uso de celulares, em conformidade com a Lei n\u00ba 15.100\/2025 e integrada ao programa Viver Conecta, que promove presen\u00e7a, conviv\u00eancia e bem-estar. A pol\u00edtica \u00e9 uma das a\u00e7\u00f5es do programa, que fortalece intera\u00e7\u00f5es presenciais, estimula o uso respons\u00e1vel das tecnologias e contribui para o desenvolvimento socioemocional dos estudantes.<\/p>\t\t\t\t\t\t\t\t<\/div>\n\t\t\t\t<\/div>\n\t\t\t\t<div class=\"elementor-element elementor-element-27f2f375 elementor-widget__width-initial elementor-widget elementor-widget-image\" data-id=\"27f2f375\" data-element_type=\"widget\" data-e-type=\"widget\" data-widget_type=\"image.default\">\n\t\t\t\t<div class=\"elementor-widget-container\">\n\t\t\t\t\t\t\t\t\t\t\t\t\t\t\t<img fetchpriority=\"high\" decoding=\"async\" width=\"768\" height=\"768\" src=\"https:\/\/israelitaedu.com.br\/guiaescolar\/wp-content\/uploads\/2025\/04\/CardDigital-2-768x768.jpg\" class=\"attachment-medium_large size-medium_large wp-image-205\" alt=\"\" srcset=\"https:\/\/israelitaedu.com.br\/guiaescolar\/wp-content\/uploads\/2025\/04\/CardDigital-2-768x768.jpg 768w, https:\/\/israelitaedu.com.br\/guiaescolar\/wp-content\/uploads\/2025\/04\/CardDigital-2-300x300.jpg 300w, https:\/\/israelitaedu.com.br\/guiaescolar\/wp-content\/uploads\/2025\/04\/CardDigital-2-150x150.jpg 150w, https:\/\/israelitaedu.com.br\/guiaescolar\/wp-content\/uploads\/2025\/04\/CardDigital-2.jpg 1024w\" sizes=\"(max-width: 768px) 100vw, 768px\" \/>\t\t\t\t\t\t\t\t\t\t\t\t\t\t\t<\/div>\n\t\t\t\t<\/div>\n\t\t\t\t<div class=\"elementor-element elementor-element-00c905e elementor-widget elementor-widget-heading\" data-id=\"00c905e\" data-element_type=\"widget\" data-e-type=\"widget\" data-widget_type=\"heading.default\">\n\t\t\t\t<div class=\"elementor-widget-container\">\n\t\t\t\t\t<h4 class=\"elementor-heading-title elementor-size-default\">Diretrizes gerais<\/h4>\t\t\t\t<\/div>\n\t\t\t\t<\/div>\n\t\t\t\t<div class=\"elementor-element elementor-element-5dc9720 elementor-widget elementor-widget-text-editor\" data-id=\"5dc9720\" data-element_type=\"widget\" data-e-type=\"widget\" data-widget_type=\"text-editor.default\">\n\t\t\t\t<div class=\"elementor-widget-container\">\n\t\t\t\t\t\t\t\t\t<p><strong>Educa\u00e7\u00e3o Infantil e Ensino Fundamental :<\/strong> \u00e9 proibido aos estudantes trazerem celulares para a escola.<\/p><p><strong>Ensino Fundamental 2 e Ensino M\u00e9dio:<\/strong> \u00e9 proibido usar celulares em todo o Col\u00e9gio, inclusive em atividades pedag\u00f3gicas externas. A orienta\u00e7\u00e3o do Col\u00e9gio \u00e9 n\u00e3o trazer aparelhos celulares.<\/p><p>Quando for trazido, deve:<\/p><ul><li>estar desligado antes de entrar no Col\u00e9gio;<\/li><li>permanecer desligado e guardado na mochila em todos os ambientes escolares;<\/li><li>ser colocado, ao chegar \u00e0 sala de aula, nas caixas indicadas, conforme orienta\u00e7\u00e3o dos professores.<br \/><p>\u00a0<\/p><\/li><\/ul><p><span style=\"font-weight: 400;\">Os aparelhos s\u00e3o <\/span><b>devolvidos apenas no fim do turno<\/b><span style=\"font-weight: 400;\">.<\/span><span style=\"font-weight: 400;\"><br \/><\/span><span style=\"font-weight: 400;\">Se o estudante sair para almo\u00e7ar, poder\u00e1 solicitar o telefone ao professor ao final do per\u00edodo; o aparelho s\u00f3 pode ser ligado <\/span><b>fora do CIB<\/b><span style=\"font-weight: 400;\">. No retorno, deve ser <\/span><b>novamente desligado antes de entrar<\/b><span style=\"font-weight: 400;\">, sendo recolocado <\/span><b>na caixa da sala<\/b><span style=\"font-weight: 400;\">.<\/span><\/p><p><span style=\"font-weight: 400;\">Situa\u00e7\u00f5es de sa\u00fade ou necessidades espec\u00edficas ser\u00e3o avaliadas pela coordena\u00e7\u00e3o ou dire\u00e7\u00e3o.<\/span><span style=\"font-weight: 400;\"><br \/><\/span><span style=\"font-weight: 400;\">Quando o uso de tecnologia for necess\u00e1rio para fins pedag\u00f3gicos, <\/span><b>a escola fornecer\u00e1 os equipamentos<\/b><span style=\"font-weight: 400;\">.<\/span><\/p>\t\t\t\t\t\t\t\t<\/div>\n\t\t\t\t<\/div>\n\t\t\t\t<div class=\"elementor-element elementor-element-b470979 elementor-widget__width-initial elementor-widget elementor-widget-image\" data-id=\"b470979\" data-element_type=\"widget\" data-e-type=\"widget\" data-widget_type=\"image.default\">\n\t\t\t\t<div class=\"elementor-widget-container\">\n\t\t\t\t\t\t\t\t\t\t\t\t\t\t\t<img decoding=\"async\" width=\"768\" height=\"768\" src=\"https:\/\/israelitaedu.com.br\/guiaescolar\/wp-content\/uploads\/2025\/04\/CardDigital-3-768x768.webp\" class=\"attachment-medium_large size-medium_large wp-image-239\" alt=\"\" srcset=\"https:\/\/israelitaedu.com.br\/guiaescolar\/wp-content\/uploads\/2025\/04\/CardDigital-3-768x768.webp 768w, https:\/\/israelitaedu.com.br\/guiaescolar\/wp-content\/uploads\/2025\/04\/CardDigital-3-300x300.webp 300w, https:\/\/israelitaedu.com.br\/guiaescolar\/wp-content\/uploads\/2025\/04\/CardDigital-3-150x150.webp 150w, https:\/\/israelitaedu.com.br\/guiaescolar\/wp-content\/uploads\/2025\/04\/CardDigital-3.webp 1024w\" sizes=\"(max-width: 768px) 100vw, 768px\" \/>\t\t\t\t\t\t\t\t\t\t\t\t\t\t\t<\/div>\n\t\t\t\t<\/div>\n\t\t\t\t<div class=\"elementor-element elementor-element-9e9035b elementor-widget elementor-widget-heading\" data-id=\"9e9035b\" data-element_type=\"widget\" data-e-type=\"widget\" data-widget_type=\"heading.default\">\n\t\t\t\t<div class=\"elementor-widget-container\">\n\t\t\t\t\t<h4 class=\"elementor-heading-title elementor-size-default\">Encaminhamentos disciplinares<\/h4>\t\t\t\t<\/div>\n\t\t\t\t<\/div>\n\t\t\t\t<div class=\"elementor-element elementor-element-0f21500 elementor-widget elementor-widget-text-editor\" data-id=\"0f21500\" data-element_type=\"widget\" data-e-type=\"widget\" data-widget_type=\"text-editor.default\">\n\t\t\t\t<div class=\"elementor-widget-container\">\n\t\t\t\t\t\t\t\t\t<p><span style=\"font-weight: 400;\">Conforme o C\u00f3digo de Conduta e Conviv\u00eancia:<\/span><\/p><ol><li style=\"font-weight: 400;\" aria-level=\"1\"><b>Primeira ocorr\u00eancia:<\/b><span style=\"font-weight: 400;\"> reten\u00e7\u00e3o do celular\u00a0 at\u00e9 o fim do dia e aviso \u00e0s fam\u00edlias.<\/span><\/li><li style=\"font-weight: 400;\" aria-level=\"1\"><b>Segunda ocorr\u00eancia:<\/b><span style=\"font-weight: 400;\"> devolu\u00e7\u00e3o do celular somente na presen\u00e7a dos respons\u00e1veis.<\/span><\/li><li style=\"font-weight: 400;\" aria-level=\"1\"><b>Terceira ocorr\u00eancia:<\/b><span style=\"font-weight: 400;\"> reten\u00e7\u00e3o do celular e <\/span><b>um dia de suspens\u00e3o<\/b><span style=\"font-weight: 400;\">.<\/span><\/li><\/ol><p><span style=\"font-weight: 400;\">A pol\u00edtica se aplica a celulares, tablets e smartwatches.<\/span><span style=\"font-weight: 400;\"><br \/><\/span><span style=\"font-weight: 400;\"> Laptops do Ensino M\u00e9dio permanecem liberados para uso exclusivamente pedag\u00f3gico.<\/span><\/p>\t\t\t\t\t\t\t\t<\/div>\n\t\t\t\t<\/div>\n\t\t\t\t<div class=\"elementor-element elementor-element-8d4e7c8 elementor-widget elementor-widget-heading\" data-id=\"8d4e7c8\" data-element_type=\"widget\" data-e-type=\"widget\" data-widget_type=\"heading.default\">\n\t\t\t\t<div class=\"elementor-widget-container\">\n\t\t\t\t\t<h4 class=\"elementor-heading-title elementor-size-default\">Sa\u00eddas de estudo prolongadas<\/h4>\t\t\t\t<\/div>\n\t\t\t\t<\/div>\n\t\t\t\t<div class=\"elementor-element elementor-element-43f8483 elementor-widget elementor-widget-text-editor\" data-id=\"43f8483\" data-element_type=\"widget\" data-e-type=\"widget\" data-widget_type=\"text-editor.default\">\n\t\t\t\t<div class=\"elementor-widget-container\">\n\t\t\t\t\t\t\t\t\t<div style=\"text-align: left;\"><span style=\"font-weight: 400;\">Para viagens nacionais com pernoite, h\u00e1 um protocolo espec\u00edfico.<\/span><\/div><div style=\"text-align: left;\">\u00a0<\/div><div style=\"text-align: left;\"><a href=\"https:\/\/drive.google.com\/file\/d\/1b_Zt6jXaitAcfNZn7bMOrxtSRsSwgZlO\/view\"><b>Clique aqu<\/b><b>i<\/b><\/a><span style=\"font-weight: 400;\"> para acessar o Protocolo de uso de dispositivos eletr\u00f4nicos \u2013 Sa\u00eddas de Estudo Nacionais.<\/span><\/div>\t\t\t\t\t\t\t\t<\/div>\n\t\t\t\t<\/div>\n\t\t\t\t<div class=\"elementor-element elementor-element-ff27ce1 elementor-widget elementor-widget-heading\" data-id=\"ff27ce1\" data-element_type=\"widget\" data-e-type=\"widget\" data-widget_type=\"heading.default\">\n\t\t\t\t<div class=\"elementor-widget-container\">\n\t\t\t\t\t<h4 class=\"elementor-heading-title elementor-size-default\">Viver Conecta<\/h4>\t\t\t\t<\/div>\n\t\t\t\t<\/div>\n\t\t\t\t<div class=\"elementor-element elementor-element-fd063ed elementor-widget elementor-widget-text-editor\" data-id=\"fd063ed\" data-element_type=\"widget\" data-e-type=\"widget\" data-widget_type=\"text-editor.default\">\n\t\t\t\t<div class=\"elementor-widget-container\">\n\t\t\t\t\t\t\t\t\t<p>O Viver Conecta promove uma cultura de presen\u00e7a e conviv\u00eancia qualificada, fortalecendo v\u00ednculos e incentivando uma rela\u00e7\u00e3o equilibrada com as tecnologias, com a\u00e7\u00f5es que envolvem estudantes, fam\u00edlias e educadores.<\/p>\t\t\t\t\t\t\t\t<\/div>\n\t\t\t\t<\/div>\n\t\t\t\t<div class=\"elementor-element elementor-element-0cb59c4 elementor-widget__width-initial elementor-widget elementor-widget-image\" data-id=\"0cb59c4\" data-element_type=\"widget\" data-e-type=\"widget\" data-widget_type=\"image.default\">\n\t\t\t\t<div class=\"elementor-widget-container\">\n\t\t\t\t\t\t\t\t\t\t\t\t\t\t\t<img decoding=\"async\" width=\"768\" height=\"768\" src=\"https:\/\/israelitaedu.com.br\/guiaescolar\/wp-content\/uploads\/2025\/04\/WhatsApp-Image-2025-02-11-at-10.39.52-768x768.webp\" class=\"attachment-medium_large size-medium_large wp-image-241\" alt=\"\" srcset=\"https:\/\/israelitaedu.com.br\/guiaescolar\/wp-content\/uploads\/2025\/04\/WhatsApp-Image-2025-02-11-at-10.39.52-768x768.webp 768w, https:\/\/israelitaedu.com.br\/guiaescolar\/wp-content\/uploads\/2025\/04\/WhatsApp-Image-2025-02-11-at-10.39.52-300x300.webp 300w, https:\/\/israelitaedu.com.br\/guiaescolar\/wp-content\/uploads\/2025\/04\/WhatsApp-Image-2025-02-11-at-10.39.52-150x150.webp 150w, https:\/\/israelitaedu.com.br\/guiaescolar\/wp-content\/uploads\/2025\/04\/WhatsApp-Image-2025-02-11-at-10.39.52.webp 1024w\" sizes=\"(max-width: 768px) 100vw, 768px\" \/>\t\t\t\t\t\t\t\t\t\t\t\t\t\t\t<\/div>\n\t\t\t\t<\/div>\n\t\t\t\t<\/div>\n\t\t\t\t\t<\/div>\n\t\t\t\t<\/div>\n\t\t\t\t<\/div>\n\t\t","protected":false},"excerpt":{"rendered":"<p>Uso do Celular Desde 2025, o Col\u00e9gio Israelita Brasileiro adota uma pol\u00edtica institucional de n\u00e3o uso de celulares, em conformidade com a Lei n\u00ba 15.100\/2025 e integrada ao programa Viver Conecta, que promove presen\u00e7a, conviv\u00eancia e bem-estar. A pol\u00edtica \u00e9 uma das a\u00e7\u00f5es do programa, que fortalece intera\u00e7\u00f5es presenciais, estimula o uso respons\u00e1vel das tecnologias [&hellip;]<\/p>\n","protected":false},"author":1,"featured_media":0,"parent":0,"menu_order":0,"comment_status":"closed","ping_status":"closed","template":"","meta":{"footnotes":""},"class_list":["post-48","page","type-page","status-publish","hentry"],"_links":{"self":[{"href":"https:\/\/israelitaedu.com.br\/guiaescolar\/wp-json\/wp\/v2\/pages\/48","targetHints":{"allow":["GET"]}}],"collection":[{"href":"https:\/\/israelitaedu.com.br\/guiaescolar\/wp-json\/wp\/v2\/pages"}],"about":[{"href":"https:\/\/israelitaedu.com.br\/guiaescolar\/wp-json\/wp\/v2\/types\/page"}],"author":[{"embeddable":true,"href":"https:\/\/israelitaedu.com.br\/guiaescolar\/wp-json\/wp\/v2\/users\/1"}],"replies":[{"embeddable":true,"href":"https:\/\/israelitaedu.com.br\/guiaescolar\/wp-json\/wp\/v2\/comments?post=48"}],"version-history":[{"count":9,"href":"https:\/\/israelitaedu.com.br\/guiaescolar\/wp-json\/wp\/v2\/pages\/48\/revisions"}],"predecessor-version":[{"id":4972,"href":"https:\/\/israelitaedu.com.br\/guiaescolar\/wp-json\/wp\/v2\/pages\/48\/revisions\/4972"}],"wp:attachment":[{"href":"https:\/\/israelitaedu.com.br\/guiaescolar\/wp-json\/wp\/v2\/media?parent=48"}],"curies":[{"name":"wp","href":"https:\/\/api.w.org\/{rel}","templated":true}]}}