{"id":1780,"date":"2025-04-23T12:21:51","date_gmt":"2025-04-23T15:21:51","guid":{"rendered":"https:\/\/israelitaedu.com.br\/guiaescolar\/?page_id=1780"},"modified":"2026-01-05T14:32:44","modified_gmt":"2026-01-05T17:32:44","slug":"governanca","status":"publish","type":"page","link":"https:\/\/israelitaedu.com.br\/guiaescolar\/governanca\/","title":{"rendered":"Governan\u00e7a"},"content":{"rendered":"\t\t<div data-elementor-type=\"wp-page\" data-elementor-id=\"1780\" class=\"elementor elementor-1780\" data-elementor-post-type=\"page\">\n\t\t\t\t<div class=\"elementor-element elementor-element-5bf0d3a1 e-flex e-con-boxed e-con e-parent\" data-id=\"5bf0d3a1\" data-element_type=\"container\" data-e-type=\"container\">\n\t\t\t\t\t<div class=\"e-con-inner\">\n\t\t<div class=\"elementor-element elementor-element-1ec9f439 e-con-full e-flex e-con e-child\" data-id=\"1ec9f439\" data-element_type=\"container\" data-e-type=\"container\">\n\t\t\t\t<div class=\"elementor-element elementor-element-2458ce17 elementor-widget elementor-widget-heading\" data-id=\"2458ce17\" data-element_type=\"widget\" data-e-type=\"widget\" data-widget_type=\"heading.default\">\n\t\t\t\t<div class=\"elementor-widget-container\">\n\t\t\t\t\t<h2 class=\"elementor-heading-title elementor-size-default\">Governan\u00e7a<\/h2>\t\t\t\t<\/div>\n\t\t\t\t<\/div>\n\t\t\t\t<\/div>\n\t\t\t\t<div class=\"elementor-element elementor-element-3869d8ab elementor-widget__width-initial elementor-widget elementor-widget-text-editor\" data-id=\"3869d8ab\" data-element_type=\"widget\" data-e-type=\"widget\" data-widget_type=\"text-editor.default\">\n\t\t\t\t<div class=\"elementor-widget-container\">\n\t\t\t\t\t\t\t\t\t<p><span style=\"font-weight: 400;\">A estrutura de governan\u00e7a do Col\u00e9gio Israelita \u00e9 composta pelo Conselho de Administra\u00e7\u00e3o, Conselho Fiscal e pela Dire\u00e7\u00e3o Executiva, Pedag\u00f3gica e Vice-Dire\u00e7\u00e3o de Educa\u00e7\u00e3o Judaica, que, juntos, trabalham para garantir o cumprimento da miss\u00e3o e dos valores da institui\u00e7\u00e3o, al\u00e9m de promover uma educa\u00e7\u00e3o de excel\u00eancia para a comunidade escolar.<\/span><\/p><p><b><span data-contrast=\"auto\">Conselho de Administra\u00e7\u00e3o<\/span><\/b><br \/><span style=\"font-weight: 400;\">Rafael Prikladnicki (Presidente)<\/span><span style=\"font-weight: 400;\"><br \/><\/span><span style=\"font-weight: 400;\">Daniel Matone (1\u00ba Vice-Presidente)<\/span><span style=\"font-weight: 400;\"><br \/><\/span><span style=\"font-weight: 400;\">Leonardo Caccarelli Wengrover (2\u00ba Vice-Presidente)<\/span><span style=\"font-weight: 400;\"><br \/><\/span><span style=\"font-weight: 400;\">Eduardo Spunberg (Conselheiro)<\/span><span style=\"font-weight: 400;\"><br \/><\/span><span style=\"font-weight: 400;\">Eduardo Zippin Knijniki (Conselheiro)<\/span><span style=\"font-weight: 400;\"><br \/><\/span><span style=\"font-weight: 400;\">Fabiane Kahan (Conselheira)<\/span><span style=\"font-weight: 400;\"><br \/><\/span><span style=\"font-weight: 400;\">Fernanda Slavutzki (Conselheira)<\/span><span style=\"font-weight: 400;\"><br \/><\/span><span style=\"font-weight: 400;\">Fernanda Streck Fernandes (Presidente do Conselho de Pais)<\/span><span style=\"font-weight: 400;\"><br \/><\/span><span style=\"font-weight: 400;\">M\u00e1rcia Horowitz Vieira (Conselheira)<\/span><span style=\"font-weight: 400;\"><br \/><\/span><span style=\"font-weight: 400;\">Maria Eduarda Costa Kwitko (Conselheira)<\/span><span style=\"font-weight: 400;\"><br \/><\/span><span style=\"font-weight: 400;\">Michel Zavagna Gralha (Conselheiro)<\/span><span style=\"font-weight: 400;\"><br \/><\/span><span style=\"font-weight: 400;\">Saulo Pretto Kulkes (Conselheiro)<\/span><span style=\"font-weight: 400;\"><br \/><\/span><span style=\"font-weight: 400;\">Victor Daniel Freiberg (Conselheiro)<\/span><\/p><p><b><span data-contrast=\"auto\">Conselho Fiscal<\/span><\/b><span data-ccp-props=\"{&quot;134233117&quot;:false,&quot;134233118&quot;:false,&quot;201341983&quot;:0,&quot;335551550&quot;:1,&quot;335551620&quot;:1,&quot;335559685&quot;:0,&quot;335559738&quot;:0,&quot;335559739&quot;:160,&quot;335559740&quot;:240}\"><br \/><\/span><span style=\"font-weight: 400;\">Leandro Melnick (Presidente)<\/span><span style=\"font-weight: 400;\"><br \/><\/span><span style=\"font-weight: 400;\">Adriane Kiperman (Conselheira)<\/span><span style=\"font-weight: 400;\"><br \/><\/span><span style=\"font-weight: 400;\">Fernando Menda Tornaim (Conselheiro)<\/span><span style=\"font-weight: 400;\"><br \/><\/span><span style=\"font-weight: 400;\">Gerson Fishmann (Conselheiro)<\/span><span style=\"font-weight: 400;\"><br \/><\/span><span style=\"font-weight: 400;\">M\u00e1rcio Starosta (Conselheiro)<\/span><span style=\"font-weight: 400;\"><br \/><\/span><span style=\"font-weight: 400;\">Renato Veisman (Conselheiro)<\/span><span style=\"font-weight: 400;\"><br \/><\/span><span style=\"font-weight: 400;\">Ruggero Levy (Conselheiro)<\/span><\/p><p><strong>Diretora Executiva<br \/><\/strong><span style=\"font-weight: 400;\">Roseli Gon\u00e7alves Jacoby<\/span><\/p><p><strong>Diretora Pedag\u00f3gica<br \/><\/strong><span style=\"font-weight: 400;\">M\u00e1rcia Beck Terres<\/span><\/p><p><span data-contrast=\"auto\"><strong>Vice-Diretora de Educa\u00e7\u00e3o Judaica<\/strong><br \/><\/span>Ilana Finkielsztejn Eilberg<\/p>\t\t\t\t\t\t\t\t<\/div>\n\t\t\t\t<\/div>\n\t\t\t\t\t<\/div>\n\t\t\t\t<\/div>\n\t\t\t\t<\/div>\n\t\t","protected":false},"excerpt":{"rendered":"<p>Governan\u00e7a A estrutura de governan\u00e7a do Col\u00e9gio Israelita \u00e9 composta pelo Conselho de Administra\u00e7\u00e3o, Conselho Fiscal e pela Dire\u00e7\u00e3o Executiva, Pedag\u00f3gica e Vice-Dire\u00e7\u00e3o de Educa\u00e7\u00e3o Judaica, que, juntos, trabalham para garantir o cumprimento da miss\u00e3o e dos valores da institui\u00e7\u00e3o, al\u00e9m de promover uma educa\u00e7\u00e3o de excel\u00eancia para a comunidade escolar. Conselho de Administra\u00e7\u00e3oRafael Prikladnicki [&hellip;]<\/p>\n","protected":false},"author":6,"featured_media":0,"parent":0,"menu_order":0,"comment_status":"closed","ping_status":"closed","template":"","meta":{"footnotes":""},"class_list":["post-1780","page","type-page","status-publish","hentry"],"_links":{"self":[{"href":"https:\/\/israelitaedu.com.br\/guiaescolar\/wp-json\/wp\/v2\/pages\/1780","targetHints":{"allow":["GET"]}}],"collection":[{"href":"https:\/\/israelitaedu.com.br\/guiaescolar\/wp-json\/wp\/v2\/pages"}],"about":[{"href":"https:\/\/israelitaedu.com.br\/guiaescolar\/wp-json\/wp\/v2\/types\/page"}],"author":[{"embeddable":true,"href":"https:\/\/israelitaedu.com.br\/guiaescolar\/wp-json\/wp\/v2\/users\/6"}],"replies":[{"embeddable":true,"href":"https:\/\/israelitaedu.com.br\/guiaescolar\/wp-json\/wp\/v2\/comments?post=1780"}],"version-history":[{"count":18,"href":"https:\/\/israelitaedu.com.br\/guiaescolar\/wp-json\/wp\/v2\/pages\/1780\/revisions"}],"predecessor-version":[{"id":6874,"href":"https:\/\/israelitaedu.com.br\/guiaescolar\/wp-json\/wp\/v2\/pages\/1780\/revisions\/6874"}],"wp:attachment":[{"href":"https:\/\/israelitaedu.com.br\/guiaescolar\/wp-json\/wp\/v2\/media?parent=1780"}],"curies":[{"name":"wp","href":"https:\/\/api.w.org\/{rel}","templated":true}]}}